{"id":483,"date":"2019-05-31T19:38:17","date_gmt":"2019-05-31T19:38:17","guid":{"rendered":"http:\/\/www.escuelarefugio.org\/glg\/?page_id=483"},"modified":"2025-06-10T09:01:07","modified_gmt":"2025-06-10T08:01:07","slug":"cookies","status":"publish","type":"page","link":"https:\/\/www.escuelarefugio.org\/glg\/cookies\/","title":{"rendered":"Cookies"},"content":{"rendered":"<div class=\"wpb-content-wrapper\"><p>[vc_row css_animation=\u00bb\u00bb row_type=\u00bbrow\u00bb use_row_as_full_screen_section=\u00bbno\u00bb type=\u00bbgrid\u00bb angled_section=\u00bbno\u00bb text_align=\u00bbleft\u00bb background_image_as_pattern=\u00bbwithout_pattern\u00bb z_index=\u00bb\u00bb][vc_column][vc_single_image image=\u00bb182&#8243; img_size=\u00bbfull\u00bb qode_css_animation=\u00bb\u00bb][\/vc_column][\/vc_row][vc_row css_animation=\u00bb\u00bb row_type=\u00bbrow\u00bb use_row_as_full_screen_section=\u00bbno\u00bb type=\u00bbgrid\u00bb angled_section=\u00bbno\u00bb text_align=\u00bbleft\u00bb background_image_as_pattern=\u00bbwithout_pattern\u00bb z_index=\u00bb\u00bb][vc_column][vc_column_text css=\u00bb\u00bb]<\/p>\n<p style=\"text-align: right;\"><span class=\"copyright\">\u00a9Fe y Alegr\u00eda<\/span><\/p>\n<p>[\/vc_column_text][vc_separator type=\u00bbtransparent\u00bb][vc_column_text css=\u00bb\u00bb]<\/p>\n<h5>Pol\u00edtica de cookies<\/h5>\n<p>[\/vc_column_text][vc_separator type=\u00bbtransparent\u00bb][\/vc_column][\/vc_row][vc_row css_animation=\u00bb\u00bb row_type=\u00bbrow\u00bb use_row_as_full_screen_section=\u00bbno\u00bb type=\u00bbgrid\u00bb angled_section=\u00bbno\u00bb text_align=\u00bbleft\u00bb background_image_as_pattern=\u00bbwithout_pattern\u00bb z_index=\u00bb\u00bb][vc_column][vc_column_text css=\u00bb\u00bb]Esta <strong>Pol\u00edtica de Cookies \u00e9 parte integrante das Condici\u00f3ns Xerais e da Pol\u00edtica de Privacidade.<\/strong> O acceso e navegaci\u00f3n no sitio, ou a utilizaci\u00f3n dos seus servizos, implican a aceptaci\u00f3n das Condici\u00f3ns Xerais (e polo tanto da Pol\u00edtica de Privacidade e Pol\u00edtica de Cookies). Por favor, l\u00e9aas atentamente.<\/p>\n<p>Agradecemos que decidise visitarnos. Queremos que a s\u00faa experiencia neste sitio sexa o m\u00e1is boa posible, por iso, redactamos esta Pol\u00edtica de cookies da forma m\u00e1is clara posible.[\/vc_column_text][\/vc_column][\/vc_row][vc_row css_animation=\u00bb\u00bb row_type=\u00bbrow\u00bb use_row_as_full_screen_section=\u00bbno\u00bb type=\u00bbgrid\u00bb angled_section=\u00bbno\u00bb text_align=\u00bbleft\u00bb background_image_as_pattern=\u00bbwithout_pattern\u00bb z_index=\u00bb\u00bb][vc_column][vc_separator type=\u00bbtransparent\u00bb][\/vc_column][\/vc_row][vc_row css_animation=\u00bb\u00bb row_type=\u00bbrow\u00bb use_row_as_full_screen_section=\u00bbno\u00bb type=\u00bbgrid\u00bb angled_section=\u00bbno\u00bb text_align=\u00bbleft\u00bb background_image_as_pattern=\u00bbwithout_pattern\u00bb z_index=\u00bb\u00bb][vc_column width=\u00bb1\/2&#8243;][vc_column_text css=\u00bb\u00bb]<strong><span style=\"color: #f7443e;\">Que \u00e9 unha cookie?<\/span><\/strong><br \/>\n<span style=\"font-size: 11pt;\">As cookies son ficheiros que conte\u00f1en pequenas cantidades de informaci\u00f3n que se descargan no dispositivo que utiliza o usuario cando visita un sitio web. A s\u00faa finalidade principal \u00e9 reco\u00f1ecer o usuario cada vez que accede e tam\u00e9n nos permite mellorar a calidade e usabilidade da nosa web.<br \/>\nAs cookies son esenciais para que Internet funcione; non poden danar o equipo\/dispositivo do usuario e, se est\u00e1n activados na configuraci\u00f3n do seu navegador, ax\u00fadannos a identificar e resolver posibles erros de funcionamento.<\/span><\/p>\n<p>&nbsp;<\/p>\n<p><strong><span style=\"color: #f7443e;\">Tipos de Cookies<\/span><\/strong><br \/>\n<span style=\"font-size: 11pt;\">Hai diferentes tipos de cookies. Todas funcionan do mesmo xeito, pero te\u00f1en pequenas diferenzas:<br \/>\n<span style=\"color: #f7443e;\">a) Cookies de Sesi\u00f3n:<\/span> As cookies de sesi\u00f3n duran soamente a duraci\u00f3n da s\u00faa visita e b\u00f3rranse cando se pecha o navegador. A s\u00faa finalidade principal \u00e9 identificar o tipo de dispositivo, apoiar a seguridade do sitio web ou a s\u00faa funcionalidade b\u00e1sica. Non conte\u00f1en informaci\u00f3n persoal que permita identificar unha persoa.<\/span><\/p>\n<p><span style=\"font-size: 11pt;\"><span style=\"color: #f7443e;\">b) Cookies Persistentes ou Permanentes:<\/span><br \/>\nG\u00e1rdanse no disco duro do dispositivo e a web l\u00e9aas cada vez que se realiza unha nova visita; pos\u00fae unha data de caducidade ou expiraci\u00f3n concreta, unha vez cumprida, a cookie deixa de funcionar. Permiten identificar as s\u00faas acci\u00f3ns e preferencias; analizar as visitas e axudan a comprender como chegan os usuarios \u00e1 nosa p\u00e1xina e mellorar os nosos servizos.<\/span><\/p>\n<p><span style=\"font-size: 11pt;\"><span style=\"color: #f7443e;\">c) Cookies de Funcionalidade:<\/span> Permiten lembrar as decisi\u00f3ns tomadas polo usuario, como o seu inicio de sesi\u00f3n ou identificador. A informaci\u00f3n que recollen estas cookies \u00e9 an\u00f3nima (\u00e9 dicir, non almacenan un nome, enderezo ou outros datos).<\/span><\/p>\n<p><span style=\"font-size: 11pt;\"><span style=\"color: #f7443e;\">d) Cookies de Terceiros:<\/span> As cookies de terceiros son cookies instaladas por un sitio web que non \u00e9 o que se est\u00e1 a visitar; por exemplo, os utilizados por redes sociais (como Facebook) ou por complementos de contido externo (como Google Maps). Algunhas empresas de publicidade usan este tipo de ficheiros para rastrexar as visitas a cada sitio no que se anuncian.<\/span><\/p>\n<p><span style=\"font-size: 11pt;\"><span style=\"color: #f7443e;\">e) Cookies Anal\u00edticas:<\/span> Son cookies que te\u00f1en por finalidade un mantemento peri\u00f3dico para garantir o mellor funcionamento e servizo ao usuario, recompilando datos da s\u00faa actividade.<\/span><\/p>\n<p><span style=\"font-size: 11pt;\">Uso de Cookies por parte de <a href=\"http:\/\/www.escuelarefugio.org\/glg2024\/\">http:\/\/www.escuelarefugio.org\/glg2024\/<\/a><br \/>\nA trav\u00e9s do acceso a <a href=\"http:\/\/www.escuelarefugio.org\/glg2024\/\">http:\/\/www.escuelarefugio.org\/glg2024\/<\/a>, acepta expresamente que podemos utilizar este tipo de cookies nos seus dispositivos. Se desactiva as cookies, \u00e9 posible que a s\u00faa navegaci\u00f3n non sexa \u00f3ptima e algunhas das utilidades dispo\u00f1ibles poden non funcionar correctamente.<\/span><\/p>\n<p>&nbsp;<\/p>\n<p><span style=\"color: #f7443e;\">a) <strong>Cookies propias<\/strong><\/span><br \/>\n<span style=\"font-size: 11pt;\">Para reco\u00f1ecer e ofrecer un mellor servizo, o noso sitio utiliza cookies propias. As vantaxes de aceptar estas cookies trad\u00facense nun aforro de tempo. As\u00ed mesmo, tam\u00e9n se poden utilizar para reco\u00f1ecelo entre visitas sucesivas e as\u00ed adaptar o contido que se amosa; obter informaci\u00f3n sobre a data e a hora da s\u00faa \u00faltima visita, medir alg\u00fans par\u00e1metros de tr\u00e1fico dentro do propio sitio e estimar o n\u00famero de visitas realizadas, para que os servizos e as promoci\u00f3ns se poidan centrar e axustar de forma m\u00e1is eficaz.<br \/>\nNingunha cookie pode extraer informaci\u00f3n do seu disco duro ou roubar informaci\u00f3n persoal.<br \/>\nNingunha cookie que poida contactarse co seu n\u00famero de tel\u00e9fono, enderezo de correo electr\u00f3nico ou calquera outro medio de contacto, nin pode danar o seu ordenador.<\/span>[\/vc_column_text][vc_separator type=\u00bbtransparent\u00bb][vc_single_image image=\u00bb2454&#8243; img_size=\u00bbfull\u00bb style=\u00bbvc_box_shadow_3d\u00bb css=\u00bb\u00bb qode_css_animation=\u00bb\u00bb][vc_column_text css=\u00bb\u00bb]<span class=\"copyright\">\u00a9Irene Galera<\/span>[\/vc_column_text][\/vc_column][vc_column width=\u00bb1\/2&#8243;][vc_column_text css=\u00bb\u00bb]<strong><span style=\"color: #f7443e;\"> Cookies estritamente necesarias<\/span><\/strong><br \/>\n<span style=\"font-size: 11pt;\">Cookie: __utma\/ tiempo de expiraci\u00f3n: PERSISTENTE \/ proveedor: Google Analytics<br \/>\nDescrici\u00f3n: Cookie anal\u00edtica. Gardar o id do visitante e o n\u00famero de visitas que realizou ao sitio web.<br \/>\nPol\u00edtica de privacidade de Google: http:\/\/www.google.com\/intl\/es\/policies\/privacy\/<\/span><span style=\"font-size: 11pt;\"><br \/>\nCookie: __utmb\/ tiempo de expiraci\u00f3n: TEMPORAL \/ proveedor: Google Analytics.<br \/>\nDescrici\u00f3n: Almacenan o tempo de sesi\u00f3n do usuario polo sitio.<\/span><br \/>\n<span style=\"font-size: 11pt;\">Cookie: __utmc temporal \/ tiempo de expiraci\u00f3n: TEMPORAL \/ proveedor: Google Analytics<br \/>\nPol\u00edtica de privacidade de Google: http:\/\/www.google.com\/intl\/es\/policies\/privacy\/<br \/>\n<\/span><br \/>\n<span style=\"font-size: 11pt;\">Cookie: __utmz temporal \/ tiempo de expiraci\u00f3n: PERSISTENTE \/ proveedor: Google Analytics<br \/>\nDescrici\u00f3n: Cookie anal\u00edtica. Cont\u00e9n a informaci\u00f3n do referente se o usuario accede a trav\u00e9s dun buscador, unha ligaz\u00f3n directa ou unha ligaz\u00f3n dun anuncio.<br \/>\nPol\u00edtica de privacidade de Google: http:\/\/www.google.com\/intl\/es\/policies\/privacy\/<br \/>\n<\/span><br \/>\n<strong><span style=\"color: #f7443e;\">b) Cookies de Google Analytics<\/span><\/strong><br \/>\n<span style=\"font-size: 11pt;\">O sitio utiliza o servizo Google Analytics, que \u00e9 proporcionado por Google, Inc., entidade cuxa sede principal est\u00e1 en 1600 Amphitheatre Parkway, Mountain View (California), CA 94043, Estados Unidos (\u00abGoogle\u00bb).<br \/>\nGoogle Analytics utiliza cookies para axudarnos a analizar como usan os usuarios o sitio. A informaci\u00f3n xerada pola cookie sobre o uso do sitio (inclu\u00edndo o seu enderezo IP) ser\u00e1 directamente transmitida e almacenada por Google nos seus servidores nos Estados Unidos. Google utilizar\u00e1 esta informaci\u00f3n no noso nome co fin de rastrexar o uso do sitio, compilar informes sobre a actividade do sitio e proporcionar outros servizos relacionados coa actividade do sitio e o uso de Internet. Google pode transmitir esta informaci\u00f3n a terceiros cando o requira a lei ou cando estes terceiros procesen a informaci\u00f3n en nome de Google. Google non asociar\u00e1 o seu enderezo IP con ning\u00fan outro dato en poder de Google.<br \/>\nSe o desexa, pode rexeitar o tratamento de datos ou informaci\u00f3n rexeitando o uso de cookies seleccionando a configuraci\u00f3n adecuada no seu navegador. Non obstante, se o fai, \u00e9 posible que non poida aproveitar todas as funci\u00f3ns deste sitio.<br \/>\nAo utilizar este sitio, acepta o procesamento da s\u00faa informaci\u00f3n por parte de Google na forma e para os fins indicados anteriormente.<\/span><\/p>\n<p>&nbsp;<\/p>\n<p><strong><span style=\"color: #f7443e;\">Configuraci\u00f3n do usuario para evitar Cookies<\/span><\/strong><br \/>\n<span style=\"font-size: 11pt;\">Desde a Fundaci\u00f3n Entreculturas Fe y Alegr\u00eda e a Fundaci\u00f3n Alboan e cumprindo a normativa legal vixente, po\u00f1emos \u00e1 s\u00faa disposici\u00f3n a informaci\u00f3n que lle permite configurar o seu navegador\/navegadores de Internet para manter a s\u00faa privacidade e seguridade en relaci\u00f3n \u00e1s cookies. Por este motivo, facilitamos a informaci\u00f3n e ligaz\u00f3ns aos sitios de soporte oficiais dos principais navegadores para que poida decidir se desexa ou non aceptar o uso de cookies.<br \/>\nAs\u00ed, as cookies p\u00f3dense bloquear a trav\u00e9s das ferramentas de configuraci\u00f3n do navegador ou ben configurar o navegador para que te avise cando un servidor queira gardar unha cookie:<\/span><\/p>\n<p><span style=\"font-size: 11pt;\"><strong>a)<\/strong> Se utiliza Microsoft Internet Explorer, na opci\u00f3n de men\u00fa Ferramentas &amp;gt Opci\u00f3ns de Internet &amp;gt Privacidade &amp;gt Configuraci\u00f3n. Para saber m\u00e1is, visite: http:\/\/windows.microsoft.com\/eses\/windowsvista\/blockorallowcookies<br \/>\nhttp:\/\/windows.microsoft.com\/eses\/windows\/howtomanagecookiesininternetexplorer9.<\/span><br \/>\n<span style=\"font-size: 11pt;\"><br \/>\n<strong>b)<\/strong> Se utiliza Firefox, na opci\u00f3n de men\u00fa Ferramentas &amp;gt Opci\u00f3ns &amp;gt Privacidade &amp;gt Cookies.<br \/>\nPara saber m\u00e1is: http:\/\/support.mozilla.org\/es\/products\/firefox\/privacyandsecurity<br \/>\n<\/span><br \/>\n<span style=\"font-size: 11pt;\"><strong>c)<\/strong> Se usa Chrome, na secci\u00f3n Opci\u00f3ns &amp;gt Opci\u00f3ns avanzadas &amp;gt Privacidade.<br \/>\nPara saber m\u00e1is: http:\/\/support.google.com\/chrome\/bin\/answer.py?hl=es&amp;answer=95647<\/span><\/p>\n<p>&nbsp;<\/p>\n<p><span style=\"font-size: 11pt;\"><strong>d)<\/strong> Se utiliza Opera, na opci\u00f3n Seguridade e Privacidade, pode configurar o navegador.<br \/>\nPara saber m\u00e1is: http:\/\/www.opera.com\/help\/tutorials\/security\/cookies\/<\/span>[\/vc_column_text][vc_separator type=\u00bbtransparent\u00bb][\/vc_column][\/vc_row][vc_row css_animation=\u00bb\u00bb row_type=\u00bbrow\u00bb use_row_as_full_screen_section=\u00bbno\u00bb type=\u00bbfull_width\u00bb angled_section=\u00bbno\u00bb text_align=\u00bbleft\u00bb background_image_as_pattern=\u00bbwithout_pattern\u00bb][vc_column][vc_separator type=\u00bbtransparent\u00bb][\/vc_column][\/vc_row]<\/p>\n<\/div>","protected":false},"excerpt":{"rendered":"<p>[vc_row css_animation=\u00bb\u00bb row_type=\u00bbrow\u00bb use_row_as_full_screen_section=\u00bbno\u00bb type=\u00bbgrid\u00bb angled_section=\u00bbno\u00bb text_align=\u00bbleft\u00bb background_image_as_pattern=\u00bbwithout_pattern\u00bb z_index=\u00bb\u00bb][vc_column][vc_single_image image=\u00bb182&#8243; img_size=\u00bbfull\u00bb qode_css_animation=\u00bb\u00bb][\/vc_column][\/vc_row][vc_row css_animation=\u00bb\u00bb row_type=\u00bbrow\u00bb use_row_as_full_screen_section=\u00bbno\u00bb type=\u00bbgrid\u00bb angled_section=\u00bbno\u00bb text_align=\u00bbleft\u00bb background_image_as_pattern=\u00bbwithout_pattern\u00bb z_index=\u00bb\u00bb][vc_column][vc_column_text css=\u00bb\u00bb] \u00a9Fe y Alegr\u00eda [\/vc_column_text][vc_separator type=\u00bbtransparent\u00bb][vc_column_text css=\u00bb\u00bb] Pol\u00edtica de cookies [\/vc_column_text][vc_separator type=\u00bbtransparent\u00bb][\/vc_column][\/vc_row][vc_row css_animation=\u00bb\u00bb row_type=\u00bbrow\u00bb use_row_as_full_screen_section=\u00bbno\u00bb type=\u00bbgrid\u00bb angled_section=\u00bbno\u00bb text_align=\u00bbleft\u00bb background_image_as_pattern=\u00bbwithout_pattern\u00bb z_index=\u00bb\u00bb][vc_column][vc_column_text css=\u00bb\u00bb]Esta Pol\u00edtica de Cookies \u00e9&#8230;<\/p>\n","protected":false},"author":1,"featured_media":0,"parent":0,"menu_order":0,"comment_status":"closed","ping_status":"closed","template":"full_width.php","meta":{"footnotes":""},"class_list":["post-483","page","type-page","status-publish","hentry"],"yoast_head":"<!-- This site is optimized with the Yoast SEO plugin v27.5 - https:\/\/yoast.com\/product\/yoast-seo-wordpress\/ -->\n<title>Cookies - Escola Refuxio<\/title>\n<meta name=\"robots\" content=\"noindex, nofollow\" \/>\n<meta property=\"og:locale\" content=\"es_ES\" \/>\n<meta property=\"og:type\" content=\"article\" \/>\n<meta property=\"og:title\" content=\"A educaci\u00f3n \u00e9 a s\u00faa mellor defensa.\" \/>\n<meta property=\"og:description\" content=\"56 conflictes armats estan actius al nostre m\u00f3n, afectant greument la inf\u00e0ncia, que en pateix les pitjors conseq\u00fc\u00e8ncies.\" \/>\n<meta property=\"og:url\" content=\"https:\/\/www.escuelarefugio.org\/glg\/cookies\/\" \/>\n<meta property=\"og:site_name\" content=\"Escola Refuxio\" \/>\n<meta property=\"article:modified_time\" content=\"2025-06-10T08:01:07+00:00\" \/>\n<meta property=\"og:image\" content=\"http:\/\/www.escuelarefugio.org\/glg\/wp-content\/uploads\/sites\/26\/2025\/06\/whatsapp_500x263_GLG.jpg\" \/>\n\t<meta property=\"og:image:width\" content=\"500\" \/>\n\t<meta property=\"og:image:height\" content=\"263\" \/>\n\t<meta property=\"og:image:type\" content=\"image\/jpeg\" \/>\n<meta name=\"twitter:card\" content=\"summary_large_image\" \/>\n<meta name=\"twitter:title\" content=\"A educaci\u00f3n \u00e9 a s\u00faa mellor defensa.\" \/>\n<meta name=\"twitter:description\" content=\"56 conflictes armats estan actius al nostre m\u00f3n, afectant greument la inf\u00e0ncia, que en pateix les pitjors conseq\u00fc\u00e8ncies.\" \/>\n<meta name=\"twitter:image\" content=\"https:\/\/www.escuelarefugio.org\/glg\/wp-content\/uploads\/sites\/26\/2025\/06\/whatsapp_500x263_GLG.jpg\" \/>\n<meta name=\"twitter:label1\" content=\"Tiempo de lectura\" \/>\n\t<meta name=\"twitter:data1\" content=\"6 minutos\" \/>\n<script type=\"application\/ld+json\" class=\"yoast-schema-graph\">{\"@context\":\"https:\\\/\\\/schema.org\",\"@graph\":[{\"@type\":\"WebPage\",\"@id\":\"https:\\\/\\\/www.escuelarefugio.org\\\/glg\\\/cookies\\\/\",\"url\":\"https:\\\/\\\/www.escuelarefugio.org\\\/glg\\\/cookies\\\/\",\"name\":\"Cookies - Escola Refuxio\",\"isPartOf\":{\"@id\":\"https:\\\/\\\/www.escuelarefugio.org\\\/glg\\\/#website\"},\"datePublished\":\"2019-05-31T19:38:17+00:00\",\"dateModified\":\"2025-06-10T08:01:07+00:00\",\"breadcrumb\":{\"@id\":\"https:\\\/\\\/www.escuelarefugio.org\\\/glg\\\/cookies\\\/#breadcrumb\"},\"inLanguage\":\"es\",\"potentialAction\":[{\"@type\":\"ReadAction\",\"target\":[\"https:\\\/\\\/www.escuelarefugio.org\\\/glg\\\/cookies\\\/\"]}]},{\"@type\":\"BreadcrumbList\",\"@id\":\"https:\\\/\\\/www.escuelarefugio.org\\\/glg\\\/cookies\\\/#breadcrumb\",\"itemListElement\":[{\"@type\":\"ListItem\",\"position\":1,\"name\":\"Portada\",\"item\":\"https:\\\/\\\/www.escuelarefugio.org\\\/glg\\\/\"},{\"@type\":\"ListItem\",\"position\":2,\"name\":\"Cookies\"}]},{\"@type\":\"WebSite\",\"@id\":\"https:\\\/\\\/www.escuelarefugio.org\\\/glg\\\/#website\",\"url\":\"https:\\\/\\\/www.escuelarefugio.org\\\/glg\\\/\",\"name\":\"Escola Refuxio\",\"description\":\"Entreculturas Alboan\",\"potentialAction\":[{\"@type\":\"SearchAction\",\"target\":{\"@type\":\"EntryPoint\",\"urlTemplate\":\"https:\\\/\\\/www.escuelarefugio.org\\\/glg\\\/?s={search_term_string}\"},\"query-input\":{\"@type\":\"PropertyValueSpecification\",\"valueRequired\":true,\"valueName\":\"search_term_string\"}}],\"inLanguage\":\"es\"}]}<\/script>\n<!-- \/ Yoast SEO plugin. -->","yoast_head_json":{"title":"Cookies - Escola Refuxio","robots":{"index":"noindex","follow":"nofollow"},"og_locale":"es_ES","og_type":"article","og_title":"A educaci\u00f3n \u00e9 a s\u00faa mellor defensa.","og_description":"56 conflictes armats estan actius al nostre m\u00f3n, afectant greument la inf\u00e0ncia, que en pateix les pitjors conseq\u00fc\u00e8ncies.","og_url":"https:\/\/www.escuelarefugio.org\/glg\/cookies\/","og_site_name":"Escola Refuxio","article_modified_time":"2025-06-10T08:01:07+00:00","og_image":[{"width":500,"height":263,"url":"http:\/\/www.escuelarefugio.org\/glg\/wp-content\/uploads\/sites\/26\/2025\/06\/whatsapp_500x263_GLG.jpg","type":"image\/jpeg"}],"twitter_card":"summary_large_image","twitter_title":"A educaci\u00f3n \u00e9 a s\u00faa mellor defensa.","twitter_description":"56 conflictes armats estan actius al nostre m\u00f3n, afectant greument la inf\u00e0ncia, que en pateix les pitjors conseq\u00fc\u00e8ncies.","twitter_image":"https:\/\/www.escuelarefugio.org\/glg\/wp-content\/uploads\/sites\/26\/2025\/06\/whatsapp_500x263_GLG.jpg","twitter_misc":{"Tiempo de lectura":"6 minutos"},"schema":{"@context":"https:\/\/schema.org","@graph":[{"@type":"WebPage","@id":"https:\/\/www.escuelarefugio.org\/glg\/cookies\/","url":"https:\/\/www.escuelarefugio.org\/glg\/cookies\/","name":"Cookies - Escola Refuxio","isPartOf":{"@id":"https:\/\/www.escuelarefugio.org\/glg\/#website"},"datePublished":"2019-05-31T19:38:17+00:00","dateModified":"2025-06-10T08:01:07+00:00","breadcrumb":{"@id":"https:\/\/www.escuelarefugio.org\/glg\/cookies\/#breadcrumb"},"inLanguage":"es","potentialAction":[{"@type":"ReadAction","target":["https:\/\/www.escuelarefugio.org\/glg\/cookies\/"]}]},{"@type":"BreadcrumbList","@id":"https:\/\/www.escuelarefugio.org\/glg\/cookies\/#breadcrumb","itemListElement":[{"@type":"ListItem","position":1,"name":"Portada","item":"https:\/\/www.escuelarefugio.org\/glg\/"},{"@type":"ListItem","position":2,"name":"Cookies"}]},{"@type":"WebSite","@id":"https:\/\/www.escuelarefugio.org\/glg\/#website","url":"https:\/\/www.escuelarefugio.org\/glg\/","name":"Escola Refuxio","description":"Entreculturas Alboan","potentialAction":[{"@type":"SearchAction","target":{"@type":"EntryPoint","urlTemplate":"https:\/\/www.escuelarefugio.org\/glg\/?s={search_term_string}"},"query-input":{"@type":"PropertyValueSpecification","valueRequired":true,"valueName":"search_term_string"}}],"inLanguage":"es"}]}},"_links":{"self":[{"href":"https:\/\/www.escuelarefugio.org\/glg\/wp-json\/wp\/v2\/pages\/483","targetHints":{"allow":["GET"]}}],"collection":[{"href":"https:\/\/www.escuelarefugio.org\/glg\/wp-json\/wp\/v2\/pages"}],"about":[{"href":"https:\/\/www.escuelarefugio.org\/glg\/wp-json\/wp\/v2\/types\/page"}],"author":[{"embeddable":true,"href":"https:\/\/www.escuelarefugio.org\/glg\/wp-json\/wp\/v2\/users\/1"}],"replies":[{"embeddable":true,"href":"https:\/\/www.escuelarefugio.org\/glg\/wp-json\/wp\/v2\/comments?post=483"}],"version-history":[{"count":2,"href":"https:\/\/www.escuelarefugio.org\/glg\/wp-json\/wp\/v2\/pages\/483\/revisions"}],"predecessor-version":[{"id":2594,"href":"https:\/\/www.escuelarefugio.org\/glg\/wp-json\/wp\/v2\/pages\/483\/revisions\/2594"}],"wp:attachment":[{"href":"https:\/\/www.escuelarefugio.org\/glg\/wp-json\/wp\/v2\/media?parent=483"}],"curies":[{"name":"wp","href":"https:\/\/api.w.org\/{rel}","templated":true}]}}