{"id":987,"date":"2021-06-11T06:38:04","date_gmt":"2021-06-11T06:38:04","guid":{"rendered":"http:\/\/www.escuelarefugio.org\/eng2024\/?page_id=987"},"modified":"2024-06-18T23:53:09","modified_gmt":"2024-06-18T22:53:09","slug":"the-schools","status":"publish","type":"page","link":"https:\/\/www.escuelarefugio.org\/eng2024\/the-schools\/","title":{"rendered":"The Schools"},"content":{"rendered":"<div class=\"wpb-content-wrapper\"><p>[vc_row css_animation=\u00bb\u00bb row_type=\u00bbrow\u00bb use_row_as_full_screen_section=\u00bbno\u00bb type=\u00bbgrid\u00bb angled_section=\u00bbno\u00bb text_align=\u00bbleft\u00bb background_image_as_pattern=\u00bbwithout_pattern\u00bb z_index=\u00bb\u00bb][vc_column][vc_single_image image=\u00bb182&#8243; img_size=\u00bbfull\u00bb qode_css_animation=\u00bb\u00bb][\/vc_column][\/vc_row][vc_row css_animation=\u00bb\u00bb row_type=\u00bbrow\u00bb use_row_as_full_screen_section=\u00bbno\u00bb type=\u00bbgrid\u00bb angled_section=\u00bbno\u00bb text_align=\u00bbleft\u00bb background_image_as_pattern=\u00bbwithout_pattern\u00bb z_index=\u00bb\u00bb][vc_column][vc_column_text]<span class=\"copyright\">\u00a9Krist\u00f3f H\u00f6lv\u00e9nyi<\/span>[\/vc_column_text][vc_separator type=\u00bbtransparent\u00bb][vc_column_text]<\/p>\n<h3 style=\"text-align: left;\"><span style=\"color: #f7443e;\">Education is also one of the best tools for investing in peace, stability and economic growth.<\/span><\/h3>\n<p>[\/vc_column_text][vc_separator type=\u00bbtransparent\u00bb up=\u00bb5&#8243; down=\u00bb1&#8243;][\/vc_column][\/vc_row][vc_row css_animation=\u00bb\u00bb row_type=\u00bbrow\u00bb use_row_as_full_screen_section=\u00bbno\u00bb type=\u00bbgrid\u00bb angled_section=\u00bbno\u00bb text_align=\u00bbleft\u00bb background_image_as_pattern=\u00bbwithout_pattern\u00bb z_index=\u00bb\u00bb][vc_column width=\u00bb1\/2&#8243;][vc_column_text]<span style=\"font-weight: 400;\">Education is not only a fundamental right but also a basic need for children affected by humanitarian crises. It is vital for ensuring they have a better future, for developing their full potential and equipping them with the skills and protection needed to rebuild a sense of normalcy and security. <\/span>[\/vc_column_text][vc_separator type=\u00bbtransparent\u00bb][\/vc_column][vc_column width=\u00bb1\/2&#8243;][vc_column_text]<span style=\"font-weight: 400;\"><strong>Entreculturas<\/strong> and <strong>Alboan<\/strong> work together with <strong>Fe y Alegr\u00eda<\/strong> and the <strong>Jesuit Refugee Service (JRS)<\/strong> to accompany and care for children affected by these situations, offering them spaces of protection and prevention, school supplies and financial support to guarantee their rights, keeping them safe from violence and the need to flee. <\/span>[\/vc_column_text][\/vc_column][\/vc_row][vc_row css_animation=\u00bb\u00bb row_type=\u00bbrow\u00bb use_row_as_full_screen_section=\u00bbno\u00bb type=\u00bbgrid\u00bb angled_section=\u00bbno\u00bb text_align=\u00bbleft\u00bb background_image_as_pattern=\u00bbwithout_pattern\u00bb z_index=\u00bb\u00bb][vc_column][vc_separator type=\u00bbtransparent\u00bb][\/vc_column][\/vc_row][vc_row css_animation=\u00bb\u00bb row_type=\u00bbrow\u00bb use_row_as_full_screen_section=\u00bbno\u00bb type=\u00bbgrid\u00bb angled_section=\u00bbno\u00bb text_align=\u00bbleft\u00bb background_image_as_pattern=\u00bbwithout_pattern\u00bb z_index=\u00bb\u00bb][vc_column width=\u00bb1\/6&#8243;][\/vc_column][vc_column width=\u00bb2\/3&#8243;][vc_separator type=\u00bbtransparent\u00bb][vc_column_text]<\/p>\n<h5>Colombia: peace schools<\/h5>\n<p>[\/vc_column_text][vc_separator type=\u00bbtransparent\u00bb][\/vc_column][vc_column width=\u00bb1\/6&#8243;][\/vc_column][\/vc_row][vc_row css_animation=\u00bb\u00bb row_type=\u00bbrow\u00bb use_row_as_full_screen_section=\u00bbno\u00bb type=\u00bbgrid\u00bb angled_section=\u00bbno\u00bb text_align=\u00bbleft\u00bb background_image_as_pattern=\u00bbwithout_pattern\u00bb z_index=\u00bb\u00bb][vc_column width=\u00bb1\/6&#8243;][\/vc_column][vc_column width=\u00bb2\/3&#8243;][vc_column_text]<span style=\"font-weight: 400;\">Despite having signed a peace agreement, the dynamics of the conflict continue in Colombia, worsened by the complex humanitarian crisis caused by the flow of migrants from Venezuela, <strong>with children being one of the most affected groups<\/strong>.<\/span><\/p>\n<p>&nbsp;<\/p>\n<p><span style=\"font-weight: 400;\">Colombia is currently the country with the third largest number of refugees in the world, almost 3 million of them from Venezuela. <\/span><\/p>\n<p>&nbsp;<\/p>\n<p><span style=\"font-weight: 400;\">The increase in violence and the government\u2019s limited capacity to respond have led to massive humanitarian needs.<\/span><\/p>\n<p>&nbsp;<\/p>\n<p><span style=\"font-weight: 400;\">In partnership with the <strong>Jesuit Refugee Service (JRS)<\/strong>, we are working to respond to the emergency situations experienced by ethnic communities in Buenaventura and other municipalities in Valle del Cauca by providing education, protection and access to health services. As part of our protection strategy, and in line with the implementation of the Safe Schools Protocol that Colombia signed, we work in formal education in schools and in non-formal educational settings, promoting safety and protection for children from forced recruitment and preventing them from becoming used in illegal activities.<\/span>[\/vc_column_text][vc_separator type=\u00bbtransparent\u00bb][\/vc_column][vc_column width=\u00bb1\/6&#8243;][\/vc_column][\/vc_row][vc_row css_animation=\u00bb\u00bb row_type=\u00bbrow\u00bb use_row_as_full_screen_section=\u00bbno\u00bb type=\u00bbgrid\u00bb angled_section=\u00bbno\u00bb text_align=\u00bbleft\u00bb background_image_as_pattern=\u00bbwith_pattern\u00bb z_index=\u00bb\u00bb][vc_column width=\u00bb1\/3&#8243;][vc_single_image image=\u00bb1863&#8243; img_size=\u00bbfull\u00bb style=\u00bbvc_box_shadow_3d\u00bb qode_css_animation=\u00bb\u00bb][vc_column_text]<span class=\"copyright\">\u00a9FE Y ALEGR\u00cdA COLOMBIA<\/span>[\/vc_column_text][vc_separator type=\u00bbtransparent\u00bb][\/vc_column][vc_column width=\u00bb1\/3&#8243;][vc_single_image image=\u00bb1862&#8243; img_size=\u00bbfull\u00bb style=\u00bbvc_box_shadow_3d\u00bb qode_css_animation=\u00bb\u00bb][vc_column_text]<span class=\"copyright\">\u00a9SERGI C\u00c1MARA<\/span>[\/vc_column_text][vc_separator type=\u00bbtransparent\u00bb][\/vc_column][vc_column width=\u00bb1\/3&#8243;][vc_single_image image=\u00bb1861&#8243; img_size=\u00bbfull\u00bb style=\u00bbvc_box_shadow_3d\u00bb qode_css_animation=\u00bb\u00bb][vc_column_text]<span class=\"copyright\">\u00a9SERGI C\u00c1MARA<\/span>[\/vc_column_text][vc_separator type=\u00bbtransparent\u00bb][\/vc_column][\/vc_row][vc_row css_animation=\u00bb\u00bb row_type=\u00bbrow\u00bb use_row_as_full_screen_section=\u00bbno\u00bb type=\u00bbgrid\u00bb angled_section=\u00bbno\u00bb text_align=\u00bbleft\u00bb background_image_as_pattern=\u00bbwithout_pattern\u00bb z_index=\u00bb\u00bb background_image=\u00bb1211&#8243;][vc_column][vc_separator type=\u00bbtransparent\u00bb][\/vc_column][\/vc_row][vc_row css_animation=\u00bb\u00bb row_type=\u00bbrow\u00bb use_row_as_full_screen_section=\u00bbno\u00bb type=\u00bbgrid\u00bb angled_section=\u00bbno\u00bb text_align=\u00bbleft\u00bb background_image_as_pattern=\u00bbwithout_pattern\u00bb z_index=\u00bb\u00bb][vc_column width=\u00bb1\/6&#8243;][\/vc_column][vc_column width=\u00bb2\/3&#8243;][vc_separator type=\u00bbtransparent\u00bb][vc_column_text]<\/p>\n<h5>Ukraine and Bordering Countries: schools in danger<\/h5>\n<p>[\/vc_column_text][vc_separator type=\u00bbtransparent\u00bb][\/vc_column][vc_column width=\u00bb1\/6&#8243;][\/vc_column][\/vc_row][vc_row css_animation=\u00bb\u00bb row_type=\u00bbrow\u00bb use_row_as_full_screen_section=\u00bbno\u00bb type=\u00bbgrid\u00bb angled_section=\u00bbno\u00bb text_align=\u00bbleft\u00bb background_image_as_pattern=\u00bbwithout_pattern\u00bb z_index=\u00bb\u00bb][vc_column width=\u00bb1\/6&#8243;][\/vc_column][vc_column width=\u00bb2\/3&#8243;][vc_column_text]<span style=\"font-weight: 400;\">Two years after the start of the armed conflict in Ukraine, the situation remains alarming. T<strong>he ongoing humanitarian crisis continues<\/strong>, leaving countless families homeless, jeopardising children\u2019s access to education. \u00a0<\/span><\/p>\n<p>&nbsp;<\/p>\n<p><span style=\"font-weight: 400;\">More than <strong>14 million people<\/strong> have been forced to flee their homes, seeking refuge both within Ukraine as well as in neighbouring countries in an attempt to escape the violence and situation of uncertainty.<\/span>[\/vc_column_text][vc_separator type=\u00bbtransparent\u00bb][vc_column_text]<\/p>\n<h3><span style=\"color: #f6862a;\">More than 14 million people have been forced to flee their homes, seeking refuge.<\/span><\/h3>\n<p>[\/vc_column_text][vc_separator type=\u00bbtransparent\u00bb][vc_column_text]<span style=\"font-weight: 400;\">As the emergency continues, the needs of refugees and displaced people have changed and so has our response to them. Initially, we prioritised emergency relief, but we are now implementing longer-term actions to ensure that <strong>children regain their right to education<\/strong> and to guarantee that families integrate in their host locations, which includes access to housing and work. <\/span><\/p>\n<p>&nbsp;<\/p>\n<p><span style=\"font-weight: 400;\">Our long-term response encompasses <strong>five areas of action<\/strong> that put people at the centre of the intervention: welcoming refugees across Europe; protecting their rights; promoting their active participation; fostering social interaction; and integrating and strengthening our network to provide quality responses to their needs.<\/span>[\/vc_column_text][vc_separator type=\u00bbtransparent\u00bb][\/vc_column][vc_column width=\u00bb1\/6&#8243;][\/vc_column][\/vc_row][vc_row css_animation=\u00bb\u00bb row_type=\u00bbrow\u00bb use_row_as_full_screen_section=\u00bbno\u00bb type=\u00bbgrid\u00bb angled_section=\u00bbno\u00bb text_align=\u00bbleft\u00bb background_image_as_pattern=\u00bbwith_pattern\u00bb z_index=\u00bb\u00bb][vc_column width=\u00bb1\/3&#8243;][vc_single_image image=\u00bb2100&#8243; img_size=\u00bbfull\u00bb style=\u00bbvc_box_shadow_3d\u00bb qode_css_animation=\u00bb\u00bb][vc_column_text]<span class=\"copyright\">\u00a9SERGI C\u00c1MARA<\/span>[\/vc_column_text][vc_separator type=\u00bbtransparent\u00bb][\/vc_column][vc_column width=\u00bb1\/3&#8243;][vc_single_image image=\u00bb2099&#8243; img_size=\u00bbfull\u00bb style=\u00bbvc_box_shadow_3d\u00bb qode_css_animation=\u00bb\u00bb][vc_column_text]<span class=\"copyright\">\u00a9SERGI C\u00c1MARA<\/span>[\/vc_column_text][vc_separator type=\u00bbtransparent\u00bb][\/vc_column][vc_column width=\u00bb1\/3&#8243;][vc_single_image image=\u00bb2098&#8243; img_size=\u00bbfull\u00bb style=\u00bbvc_box_shadow_3d\u00bb qode_css_animation=\u00bb\u00bb][vc_column_text]<span class=\"copyright\">\u00a9SERGI C\u00c1MARA<\/span>[\/vc_column_text][vc_separator type=\u00bbtransparent\u00bb][\/vc_column][\/vc_row][vc_row css_animation=\u00bb\u00bb row_type=\u00bbrow\u00bb use_row_as_full_screen_section=\u00bbno\u00bb type=\u00bbgrid\u00bb angled_section=\u00bbno\u00bb text_align=\u00bbleft\u00bb background_image_as_pattern=\u00bbwithout_pattern\u00bb z_index=\u00bb\u00bb background_image=\u00bb1211&#8243;][vc_column][vc_separator type=\u00bbtransparent\u00bb][\/vc_column][\/vc_row][vc_row css_animation=\u00bb\u00bb row_type=\u00bbrow\u00bb use_row_as_full_screen_section=\u00bbno\u00bb type=\u00bbgrid\u00bb angled_section=\u00bbno\u00bb text_align=\u00bbleft\u00bb background_image_as_pattern=\u00bbwithout_pattern\u00bb z_index=\u00bb\u00bb][vc_column width=\u00bb1\/6&#8243;][\/vc_column][vc_column width=\u00bb2\/3&#8243;][vc_separator type=\u00bbtransparent\u00bb][vc_column_text]<\/p>\n<h5>Lebanon: schools in a conflict zone<\/h5>\n<p>[\/vc_column_text][vc_separator type=\u00bbtransparent\u00bb][\/vc_column][vc_column width=\u00bb1\/6&#8243;][\/vc_column][\/vc_row][vc_row css_animation=\u00bb\u00bb row_type=\u00bbrow\u00bb use_row_as_full_screen_section=\u00bbno\u00bb type=\u00bbgrid\u00bb angled_section=\u00bbno\u00bb text_align=\u00bbleft\u00bb background_image_as_pattern=\u00bbwithout_pattern\u00bb z_index=\u00bb\u00bb][vc_column width=\u00bb1\/6&#8243;][\/vc_column][vc_column width=\u00bb2\/3&#8243;][vc_column_text]<span style=\"font-weight: 400;\">Lebanon is the country with the highest number of refugees per capita in the world, hosting some 2 million Syrian refugees. Still today, of the <strong>700,000 Syrian school-age children<\/strong> presently living in Lebanon, only <strong>a third are able to attend a public school<\/strong> because of the limited number of places. \u00a0<\/span><\/p>\n<p>&nbsp;<\/p>\n<p><span style=\"font-weight: 400;\">The country is facing a complex economic, political and social crisis, made even worse by the conflict in Gaza. This precarious security situation forces schools to close from time to time, hampering the operations of the JRS team, our local partner on the ground.<\/span>[\/vc_column_text][vc_separator type=\u00bbtransparent\u00bb][vc_column_text]<\/p>\n<h3><span style=\"color: #f6862a;\">Of the 700,000 Syrian school-age children presently living in Lebanon, only a third are able to attend a public school. <\/span><\/h3>\n<p>[\/vc_column_text][vc_separator type=\u00bbtransparent\u00bb][vc_column_text]<span style=\"font-weight: 400;\">Our work allows them to access quality education and enables them, to the extent possible, to enter the Lebanese education system.<\/span><\/p>\n<p><span style=\"font-weight: 400;\">Together with <strong>JRS<\/strong>, we support 3,000 children, young people and adults in the areas of <strong>Baalbek, Bar Elias and Burj Hammoud<\/strong> at six formal education schools and at a non-formal education centre, and we also provide psychosocial support at three social centres. <\/span>[\/vc_column_text][vc_separator type=\u00bbtransparent\u00bb][\/vc_column][vc_column width=\u00bb1\/6&#8243;][\/vc_column][\/vc_row][vc_row css_animation=\u00bb\u00bb row_type=\u00bbrow\u00bb use_row_as_full_screen_section=\u00bbno\u00bb type=\u00bbgrid\u00bb angled_section=\u00bbno\u00bb text_align=\u00bbleft\u00bb background_image_as_pattern=\u00bbwith_pattern\u00bb z_index=\u00bb\u00bb][vc_column width=\u00bb1\/3&#8243;][vc_single_image image=\u00bb2113&#8243; img_size=\u00bbfull\u00bb style=\u00bbvc_box_shadow_3d\u00bb qode_css_animation=\u00bb\u00bb][vc_column_text]<span class=\"copyright\">\u00a9CARMEN MORENO\u00a0<\/span>[\/vc_column_text][vc_separator type=\u00bbtransparent\u00bb][\/vc_column][vc_column width=\u00bb1\/3&#8243;][vc_single_image image=\u00bb1901&#8243; img_size=\u00bbfull\u00bb style=\u00bbvc_box_shadow_3d\u00bb qode_css_animation=\u00bb\u00bb][vc_column_text]<span class=\"copyright\">\u00a9JRS L\u00edbano<\/span>[\/vc_column_text][vc_separator type=\u00bbtransparent\u00bb][\/vc_column][vc_column width=\u00bb1\/3&#8243;][vc_single_image image=\u00bb1902&#8243; img_size=\u00bbfull\u00bb style=\u00bbvc_box_shadow_3d\u00bb qode_css_animation=\u00bb\u00bb][vc_column_text]<span class=\"copyright\">\u00a9JRS L\u00edbano<\/span>[\/vc_column_text][vc_separator type=\u00bbtransparent\u00bb][\/vc_column][\/vc_row][vc_row css_animation=\u00bb\u00bb row_type=\u00bbrow\u00bb use_row_as_full_screen_section=\u00bbno\u00bb type=\u00bbgrid\u00bb angled_section=\u00bbno\u00bb text_align=\u00bbleft\u00bb background_image_as_pattern=\u00bbwithout_pattern\u00bb z_index=\u00bb\u00bb background_image=\u00bb1211&#8243;][vc_column][vc_separator type=\u00bbtransparent\u00bb][\/vc_column][\/vc_row][vc_row css_animation=\u00bb\u00bb row_type=\u00bbrow\u00bb use_row_as_full_screen_section=\u00bbno\u00bb type=\u00bbgrid\u00bb angled_section=\u00bbno\u00bb text_align=\u00bbleft\u00bb background_image_as_pattern=\u00bbwithout_pattern\u00bb z_index=\u00bb\u00bb][vc_column width=\u00bb1\/6&#8243;][\/vc_column][vc_column width=\u00bb2\/3&#8243;][vc_separator type=\u00bbtransparent\u00bb][vc_column_text]<\/p>\n<h5><b>Tanzania: inclusive schools<\/b><\/h5>\n<p>[\/vc_column_text][vc_separator type=\u00bbtransparent\u00bb][\/vc_column][vc_column width=\u00bb1\/6&#8243;][\/vc_column][\/vc_row][vc_row css_animation=\u00bb\u00bb row_type=\u00bbrow\u00bb use_row_as_full_screen_section=\u00bbno\u00bb type=\u00bbgrid\u00bb angled_section=\u00bbno\u00bb text_align=\u00bbleft\u00bb background_image_as_pattern=\u00bbwithout_pattern\u00bb z_index=\u00bb\u00bb][vc_column width=\u00bb1\/6&#8243;][\/vc_column][vc_column width=\u00bb2\/3&#8243;][vc_column_text]<span style=\"font-weight: 400;\">Over <strong>248,000 refugees<\/strong> live in Tanzania. 67.4% are Burundian, while the rest are from the Democratic Republic of Congo (DRC). 55% of the total population are between 0 and 17 years of age. Of them, <strong>fewer than half are enrolled in school<\/strong>. The war, both in Burundi as in the DRC, has prevented 57,142 children from going to school.<\/span><\/p>\n<p><span style=\"font-weight: 400;\">We have asked ourselves how many children with some kind of disability, either physical or mental, there are in the camps in Tanzania. <strong>The answer is that we don\u2019t know<\/strong> because there is no official information. This lack of information is important in itself as it means that disability is not focused on by humanitarian actors in the camps in Tanzania.<\/span>[\/vc_column_text][vc_separator type=\u00bbtransparent\u00bb][vc_column_text]<\/p>\n<h3><span style=\"color: #f6862a;\">Barely 21% of preschool-age children attend nursery school.<\/span><\/h3>\n<p>[\/vc_column_text][vc_separator type=\u00bbtransparent\u00bb][vc_column_text]<span style=\"font-weight: 400;\">Since 2021, we have been working together with <strong>JRS<\/strong> on the inclusion of children with special needs in school by identifying them, providing the appropriate equipment for them to learn (glasses, hearing aids, wheelchairs, etc.), training teachers to have the necessary teaching skills, and raising awareness in the community of the rights of people with special needs.<\/span><\/p>\n<p><span style=\"font-weight: 400;\">Since 2022, we have also committed ourselves to enhancing early childhood education for both the refugee population and the local community. <strong>Barely 21% of preschool-age children attend nursery school<\/strong>: this restricts them from interacting with other children in a safe and protective environment, limits them from developing the social skills they need as they grow, and hinders their ability to cope with the trauma experienced as a result of their displacement. We work hand in hand with <strong>JRS<\/strong> to make education a bridge of peace between the refugee population and the host population. <\/span>[\/vc_column_text][vc_separator type=\u00bbtransparent\u00bb][\/vc_column][vc_column width=\u00bb1\/6&#8243;][\/vc_column][\/vc_row][vc_row css_animation=\u00bb\u00bb row_type=\u00bbrow\u00bb use_row_as_full_screen_section=\u00bbno\u00bb type=\u00bbgrid\u00bb angled_section=\u00bbno\u00bb text_align=\u00bbleft\u00bb background_image_as_pattern=\u00bbwith_pattern\u00bb z_index=\u00bb\u00bb][vc_column width=\u00bb1\/3&#8243;][vc_single_image image=\u00bb1509&#8243; img_size=\u00bbfull\u00bb style=\u00bbvc_box_shadow_3d\u00bb qode_css_animation=\u00bb\u00bb][vc_column_text]<span class=\"copyright\">\u00a9JRS<\/span>[\/vc_column_text][vc_separator type=\u00bbtransparent\u00bb][\/vc_column][vc_column width=\u00bb1\/3&#8243;][vc_single_image image=\u00bb1511&#8243; img_size=\u00bbfull\u00bb style=\u00bbvc_box_shadow_3d\u00bb qode_css_animation=\u00bb\u00bb][vc_column_text]<span class=\"copyright\">\u00a9IRENE GALERA JRS<\/span>[\/vc_column_text][vc_separator type=\u00bbtransparent\u00bb][\/vc_column][vc_column width=\u00bb1\/3&#8243;][vc_single_image image=\u00bb1512&#8243; img_size=\u00bbfull\u00bb style=\u00bbvc_box_shadow_3d\u00bb qode_css_animation=\u00bb\u00bb][vc_column_text]<span class=\"copyright\">\u00a9JRS<\/span>[\/vc_column_text][vc_separator type=\u00bbtransparent\u00bb][\/vc_column][\/vc_row][vc_row css_animation=\u00bb\u00bb row_type=\u00bbrow\u00bb use_row_as_full_screen_section=\u00bbno\u00bb type=\u00bbgrid\u00bb angled_section=\u00bbno\u00bb text_align=\u00bbleft\u00bb background_image_as_pattern=\u00bbwithout_pattern\u00bb z_index=\u00bb\u00bb][vc_column][vc_separator type=\u00bbtransparent\u00bb][\/vc_column][\/vc_row][vc_row css_animation=\u00bb\u00bb row_type=\u00bbrow\u00bb use_row_as_full_screen_section=\u00bbno\u00bb type=\u00bbgrid\u00bb angled_section=\u00bbno\u00bb text_align=\u00bbleft\u00bb background_image_as_pattern=\u00bbwithout_pattern\u00bb z_index=\u00bb\u00bb][vc_column width=\u00bb1\/6&#8243;][\/vc_column][vc_column width=\u00bb2\/3&#8243;][vc_separator type=\u00bbtransparent\u00bb][vc_column_text]<\/p>\n<h5><b>Democratic Republic of Congo: schools that protect<\/b><\/h5>\n<p>[\/vc_column_text][vc_separator type=\u00bbtransparent\u00bb][\/vc_column][vc_column width=\u00bb1\/6&#8243;][\/vc_column][\/vc_row][vc_row css_animation=\u00bb\u00bb row_type=\u00bbrow\u00bb use_row_as_full_screen_section=\u00bbno\u00bb type=\u00bbgrid\u00bb angled_section=\u00bbno\u00bb text_align=\u00bbleft\u00bb background_image_as_pattern=\u00bbwithout_pattern\u00bb z_index=\u00bb\u00bb][vc_column width=\u00bb1\/6&#8243;][\/vc_column][vc_column width=\u00bb2\/3&#8243;][vc_column_text]<span style=\"font-weight: 400;\">The Democratic Republic of Congo continues to be the setting for <strong>one of the world\u2019s most protracted humanitarian crises<\/strong>. With more than 6 million internally displaced people, it is the country with the largest internally displaced population on the African continent.<\/span><\/p>\n<p><span style=\"font-weight: 400;\">\u00a0<\/span><\/p>\n<p><span style=\"font-weight: 400;\">For over 20 years, the persistent violence of armed groups combined with high levels of insecurity have led to the destruction of thousands of schools and the successive displacement of thousands of people. <strong>As a result, more than 2.9 million children urgently need schooling<\/strong>. <\/span>[\/vc_column_text][vc_separator type=\u00bbtransparent\u00bb][vc_column_text]<\/p>\n<h3><span style=\"color: #f6862a;\">Boys are particularly vulnerable to forced recruitment by armed groups, while girls, susceptible to sexual violence.<\/span><\/h3>\n<p>[\/vc_column_text][vc_separator type=\u00bbtransparent\u00bb][vc_column_text]<span style=\"font-weight: 400;\">Boys are particularly vulnerable to forced recruitment by armed groups, while girls, susceptible to sexual violence either at school or on their way home, are often kidnapped by the various militias to fight, cook for them or are forced to marry members of these armed groups. <strong>Moreover, in the camps for displaced persons, they are at risk of being trafficked and\/or sexually exploited<\/strong>.<\/span><\/p>\n<p>&nbsp;<\/p>\n<p><span style=\"font-weight: 400;\">Together with <strong>JRS<\/strong>, we operate in Masisi, North Kivu province in eastern DRC, in four refugee camps and two settlements, which are home to a population of 14,800 people. As this region is far from the country\u2019s capital, Kinshasa, the presence of the government is hardly felt. This remoteness from the central seat of power has allowed a number of armed groups, driven by different conflicts of identity, poverty, land distribution and corruption, to spread throughout the region. <\/span><\/p>\n<p>&nbsp;<\/p>\n<p><span style=\"font-weight: 400;\"><strong>We work to foster access to school for displaced children<\/strong>, offering specific help to girls. We provide them with school supplies, learning kits and financial support for school fees. Schools are not just places of learning but also of protection, of support and coexistence.<\/span>[\/vc_column_text][vc_separator type=\u00bbtransparent\u00bb][\/vc_column][vc_column width=\u00bb1\/6&#8243;][\/vc_column][\/vc_row][vc_row css_animation=\u00bb\u00bb row_type=\u00bbrow\u00bb use_row_as_full_screen_section=\u00bbno\u00bb type=\u00bbgrid\u00bb angled_section=\u00bbno\u00bb text_align=\u00bbleft\u00bb background_image_as_pattern=\u00bbwith_pattern\u00bb z_index=\u00bb\u00bb][vc_column width=\u00bb1\/3&#8243;][vc_single_image image=\u00bb1859&#8243; img_size=\u00bbfull\u00bb style=\u00bbvc_box_shadow_3d\u00bb qode_css_animation=\u00bb\u00bb][vc_column_text]<span class=\"copyright\">\u00a9SERGI C\u00c1MARA<\/span>[\/vc_column_text][vc_separator type=\u00bbtransparent\u00bb][\/vc_column][vc_column width=\u00bb1\/3&#8243;][vc_single_image image=\u00bb1858&#8243; img_size=\u00bbfull\u00bb style=\u00bbvc_box_shadow_3d\u00bb qode_css_animation=\u00bb\u00bb][vc_column_text]<span class=\"copyright\">\u00a9SERGI C\u00c1MARA<\/span>[\/vc_column_text][vc_separator type=\u00bbtransparent\u00bb][\/vc_column][vc_column width=\u00bb1\/3&#8243;][vc_single_image image=\u00bb1857&#8243; img_size=\u00bbfull\u00bb style=\u00bbvc_box_shadow_3d\u00bb qode_css_animation=\u00bb\u00bb][vc_column_text]<span class=\"copyright\">\u00a9SERGI C\u00c1MARA<\/span>[\/vc_column_text][vc_separator type=\u00bbtransparent\u00bb][\/vc_column][\/vc_row][vc_row css_animation=\u00bb\u00bb row_type=\u00bbrow\u00bb use_row_as_full_screen_section=\u00bbno\u00bb type=\u00bbgrid\u00bb angled_section=\u00bbno\u00bb text_align=\u00bbleft\u00bb background_image_as_pattern=\u00bbwithout_pattern\u00bb z_index=\u00bb\u00bb][vc_column][vc_separator type=\u00bbtransparent\u00bb][\/vc_column][\/vc_row][vc_row css_animation=\u00bb\u00bb row_type=\u00bbrow\u00bb use_row_as_full_screen_section=\u00bbno\u00bb type=\u00bbgrid\u00bb angled_section=\u00bbno\u00bb text_align=\u00bbleft\u00bb background_image_as_pattern=\u00bbwithout_pattern\u00bb z_index=\u00bb\u00bb][vc_column width=\u00bb1\/6&#8243;][\/vc_column][vc_column width=\u00bb2\/3&#8243;][vc_separator type=\u00bbtransparent\u00bb][vc_column_text]<\/p>\n<h5><b>A global reality <\/b><\/h5>\n<p>[\/vc_column_text][vc_separator type=\u00bbtransparent\u00bb][\/vc_column][vc_column width=\u00bb1\/6&#8243;][\/vc_column][\/vc_row][vc_row css_animation=\u00bb\u00bb row_type=\u00bbrow\u00bb use_row_as_full_screen_section=\u00bbno\u00bb type=\u00bbgrid\u00bb angled_section=\u00bbno\u00bb text_align=\u00bbleft\u00bb background_image_as_pattern=\u00bbwithout_pattern\u00bb z_index=\u00bb\u00bb][vc_column width=\u00bb1\/6&#8243;][\/vc_column][vc_column width=\u00bb2\/3&#8243;][vc_column_text]<span style=\"font-weight: 400;\">This current context makes us understand, more than ever, that everything is connected. That\u2019s why at Entreculturas and Alboan we focus on local contexts and their connection to the global one. We are currently working on:<\/span><\/p>\n<p>&nbsp;<\/p>\n<ul>\n<li><span style=\"font-weight: 400;\">Initiatives that work together with Basic Vocational Training (BVT) teaching staff to promote social inclusion and preventing school dropout.<\/span><\/li>\n<li><span style=\"font-weight: 400;\">Educational initiatives to use in school curricula such as:<\/span><\/li>\n<li><span style=\"font-weight: 400;\">Educa en Global [Educate Globally] is a Challenge-Based Learning project for secondary schools and BVT centres.<\/span><\/li>\n<li><span style=\"font-weight: 400;\">Dejamos Huella [We Leave a Mark], an initiative linking Global Citizenship themes with an itinerary of knowledge and a more in-depth understanding of the educational context itself, is used in year 3 and 4 of primary school.<\/span><\/li>\n<li><span style=\"font-weight: 400;\">A guide, based on everyday realities and the subjects worked on in the classroom, to help teachers teach students about Global Citizenship.<\/span><\/li>\n<li><span style=\"font-weight: 400;\">Spaces for the teaching community to train and participate via Movimiento 4.7 [4.7 Movement] that strengthens knowledge and competences on themes of Global Citizenship.<\/span><\/li>\n<li><span style=\"font-weight: 400;\">Promoting youth participation and psychosocial support for young people via the <\/span><a href=\"https:\/\/redec.org\/red-solidaria-de-jovenes\/\"><span style=\"font-weight: 400;\">Youth Solidarity Network<\/span><span style=\"font-weight: 400;\">programme.<\/span><\/a><\/li>\n<li><span style=\"font-weight: 400;\">Creating didactic initiatives to integrate a critical and transformative intercultural approach aimed at teachers, through the <\/span><a href=\"https:\/\/redec.org\/publicaciones\/guia-interculturalidad-critica-y-antirracismo\/\"><span style=\"font-weight: 400;\">\u00abCritical Interculturality and Anti-Racism Guide: Addressing Migration and Diversity with Young People\u00bb<\/span><\/a><span style=\"font-weight: 400;\">, and at young people through training itineraries like the <\/span><a href=\"https:\/\/redec.org\/red-azul\/\"><span style=\"font-weight: 400;\">Blue Network.<\/span><\/a><\/li>\n<\/ul>\n<p>[\/vc_column_text][vc_separator type=\u00bbtransparent\u00bb][vc_column_text]<\/p>\n<h3><span style=\"color: #f6862a;\">At Entreculturas and Alboan we continue to work to create schools that are a REFUGE, schools that are HOPE.<\/span><\/h3>\n<p>[\/vc_column_text][vc_separator type=\u00bbtransparent\u00bb][vc_separator type=\u00bbtransparent\u00bb][\/vc_column][vc_column width=\u00bb1\/6&#8243;][\/vc_column][\/vc_row][vc_row css_animation=\u00bb\u00bb row_type=\u00bbrow\u00bb use_row_as_full_screen_section=\u00bbno\u00bb type=\u00bbgrid\u00bb angled_section=\u00bbno\u00bb text_align=\u00bbleft\u00bb background_image_as_pattern=\u00bbwith_pattern\u00bb z_index=\u00bb\u00bb][vc_column width=\u00bb1\/3&#8243;][vc_single_image image=\u00bb2116&#8243; img_size=\u00bbfull\u00bb style=\u00bbvc_box_shadow_3d\u00bb qode_css_animation=\u00bb\u00bb][vc_column_text]<span class=\"copyright\">\u00a9V\u00cdCTOR ALFONSO<\/span>[\/vc_column_text][vc_separator type=\u00bbtransparent\u00bb][\/vc_column][vc_column width=\u00bb1\/3&#8243;][vc_single_image image=\u00bb2115&#8243; img_size=\u00bbfull\u00bb style=\u00bbvc_box_shadow_3d\u00bb qode_css_animation=\u00bb\u00bb][vc_column_text]<span class=\"copyright\">\u00a9V\u00cdCTOR ALFONSO<\/span>[\/vc_column_text][vc_separator type=\u00bbtransparent\u00bb][\/vc_column][vc_column width=\u00bb1\/3&#8243;][vc_single_image image=\u00bb2114&#8243; img_size=\u00bbfull\u00bb style=\u00bbvc_box_shadow_3d\u00bb qode_css_animation=\u00bb\u00bb][vc_column_text]<span class=\"copyright\">\u00a9V\u00cdCTOR ALFONSO<\/span>[\/vc_column_text][vc_separator type=\u00bbtransparent\u00bb][\/vc_column][\/vc_row][vc_row css_animation=\u00bb\u00bb row_type=\u00bbrow\u00bb use_row_as_full_screen_section=\u00bbno\u00bb type=\u00bbgrid\u00bb angled_section=\u00bbno\u00bb text_align=\u00bbleft\u00bb background_image_as_pattern=\u00bbwithout_pattern\u00bb z_index=\u00bb\u00bb][vc_column][vc_separator type=\u00bbtransparent\u00bb][\/vc_column][\/vc_row][vc_row css_animation=\u00bb\u00bb row_type=\u00bbrow\u00bb use_row_as_full_screen_section=\u00bbno\u00bb type=\u00bbgrid\u00bb angled_section=\u00bbno\u00bb text_align=\u00bbleft\u00bb background_image_as_pattern=\u00bbwithout_pattern\u00bb z_index=\u00bb\u00bb background_image=\u00bb2204&#8243;][vc_column width=\u00bb1\/2&#8243;][vc_separator type=\u00bbtransparent\u00bb up=\u00bb171&#8243;]<div class=\"gambit_fullheight_row\" data-content-location=\"center\" style=\"display: none\"><\/div>[\/vc_column][vc_column width=\u00bb1\/2&#8243;][vc_separator type=\u00bbtransparent\u00bb up=\u00bb121&#8243;][vc_column_text]<\/p>\n<h2 style=\"text-align: left;\">School is a refuge.<\/h2>\n<p>[\/vc_column_text][\/vc_column][\/vc_row][vc_row css_animation=\u00bb\u00bb row_type=\u00bbrow\u00bb use_row_as_full_screen_section=\u00bbno\u00bb type=\u00bbgrid\u00bb angled_section=\u00bbno\u00bb text_align=\u00bbleft\u00bb background_image_as_pattern=\u00bbwithout_pattern\u00bb z_index=\u00bb\u00bb background_image=\u00bb820&#8243;][vc_column width=\u00bb1\/2&#8243;][vc_column_text]<\/p>\n<p style=\"text-align: left;\"><span class=\"copyright\"><span style=\"color: #000000;\">\u00a9Sergi C\u00e1mara<\/span><\/span><\/p>\n<p>[\/vc_column_text][\/vc_column][vc_column width=\u00bb1\/2&#8243;][\/vc_column][\/vc_row]<\/p>\n<\/div>","protected":false},"excerpt":{"rendered":"<p>[vc_row css_animation=\u00bb\u00bb row_type=\u00bbrow\u00bb use_row_as_full_screen_section=\u00bbno\u00bb type=\u00bbgrid\u00bb angled_section=\u00bbno\u00bb text_align=\u00bbleft\u00bb background_image_as_pattern=\u00bbwithout_pattern\u00bb z_index=\u00bb\u00bb][vc_column][vc_single_image image=\u00bb182&#8243; img_size=\u00bbfull\u00bb qode_css_animation=\u00bb\u00bb][\/vc_column][\/vc_row][vc_row css_animation=\u00bb\u00bb row_type=\u00bbrow\u00bb use_row_as_full_screen_section=\u00bbno\u00bb type=\u00bbgrid\u00bb angled_section=\u00bbno\u00bb text_align=\u00bbleft\u00bb background_image_as_pattern=\u00bbwithout_pattern\u00bb z_index=\u00bb\u00bb][vc_column][vc_column_text]\u00a9Krist\u00f3f H\u00f6lv\u00e9nyi[\/vc_column_text][vc_separator type=\u00bbtransparent\u00bb][vc_column_text] Education is also one of the best tools for investing in peace, stability and economic growth. [\/vc_column_text][vc_separator type=\u00bbtransparent\u00bb up=\u00bb5&#8243; down=\u00bb1&#8243;][\/vc_column][\/vc_row][vc_row css_animation=\u00bb\u00bb row_type=\u00bbrow\u00bb use_row_as_full_screen_section=\u00bbno\u00bb&#8230;<\/p>\n","protected":false},"author":1,"featured_media":0,"parent":0,"menu_order":0,"comment_status":"closed","ping_status":"closed","template":"full_width.php","meta":{"footnotes":""},"class_list":["post-987","page","type-page","status-publish","hentry"],"yoast_head":"<!-- This site is optimized with the Yoast SEO plugin v27.5 - https:\/\/yoast.com\/product\/yoast-seo-wordpress\/ -->\n<title>The Schools - base_ENG2024<\/title>\n<meta name=\"robots\" content=\"index, follow, max-snippet:-1, max-image-preview:large, max-video-preview:-1\" \/>\n<link rel=\"canonical\" href=\"https:\/\/www.escuelarefugio.org\/eng2024\/the-schools\/\" \/>\n<meta property=\"og:locale\" content=\"es_ES\" \/>\n<meta property=\"og:type\" content=\"article\" \/>\n<meta property=\"og:title\" content=\"Education is in DANGER\u2013-\" \/>\n<meta property=\"og:description\" content=\"In areas of conflict, 72 million children are not in school, a fact that affects twice as many girls as boys.\" \/>\n<meta property=\"og:url\" content=\"https:\/\/www.escuelarefugio.org\/eng2024\/the-schools\/\" \/>\n<meta property=\"og:site_name\" content=\"base_ENG2024\" \/>\n<meta property=\"article:modified_time\" content=\"2024-06-18T22:53:09+00:00\" \/>\n<meta property=\"og:image\" content=\"http:\/\/www.escuelarefugio.org\/eng2024\/wp-content\/uploads\/sites\/23\/2024\/06\/whatsapp_500x263_ENG_v2.jpg\" \/>\n\t<meta property=\"og:image:width\" content=\"500\" \/>\n\t<meta property=\"og:image:height\" content=\"263\" \/>\n\t<meta property=\"og:image:type\" content=\"image\/jpeg\" \/>\n<meta name=\"twitter:card\" content=\"summary_large_image\" \/>\n<meta name=\"twitter:title\" content=\"Education is in DANGER\u2013-\" \/>\n<meta name=\"twitter:description\" content=\"In areas of conflict, 72 million children are not in school, a fact that affects twice as many girls as boys.\" \/>\n<meta name=\"twitter:image\" content=\"https:\/\/www.escuelarefugio.org\/eng2024\/wp-content\/uploads\/sites\/23\/2024\/06\/whatsapp_500x263_ENG_v2.jpg\" \/>\n<meta name=\"twitter:label1\" content=\"Tiempo de lectura\" \/>\n\t<meta name=\"twitter:data1\" content=\"10 minutos\" \/>\n<script type=\"application\/ld+json\" class=\"yoast-schema-graph\">{\"@context\":\"https:\\\/\\\/schema.org\",\"@graph\":[{\"@type\":\"WebPage\",\"@id\":\"https:\\\/\\\/www.escuelarefugio.org\\\/eng2024\\\/the-schools\\\/\",\"url\":\"https:\\\/\\\/www.escuelarefugio.org\\\/eng2024\\\/the-schools\\\/\",\"name\":\"The Schools - base_ENG2024\",\"isPartOf\":{\"@id\":\"https:\\\/\\\/www.escuelarefugio.org\\\/eng2024\\\/#website\"},\"datePublished\":\"2021-06-11T06:38:04+00:00\",\"dateModified\":\"2024-06-18T22:53:09+00:00\",\"breadcrumb\":{\"@id\":\"https:\\\/\\\/www.escuelarefugio.org\\\/eng2024\\\/the-schools\\\/#breadcrumb\"},\"inLanguage\":\"es\",\"potentialAction\":[{\"@type\":\"ReadAction\",\"target\":[\"https:\\\/\\\/www.escuelarefugio.org\\\/eng2024\\\/the-schools\\\/\"]}]},{\"@type\":\"BreadcrumbList\",\"@id\":\"https:\\\/\\\/www.escuelarefugio.org\\\/eng2024\\\/the-schools\\\/#breadcrumb\",\"itemListElement\":[{\"@type\":\"ListItem\",\"position\":1,\"name\":\"Portada\",\"item\":\"https:\\\/\\\/www.escuelarefugio.org\\\/eng2024\\\/\"},{\"@type\":\"ListItem\",\"position\":2,\"name\":\"The Schools\"}]},{\"@type\":\"WebSite\",\"@id\":\"https:\\\/\\\/www.escuelarefugio.org\\\/eng2024\\\/#website\",\"url\":\"https:\\\/\\\/www.escuelarefugio.org\\\/eng2024\\\/\",\"name\":\"base_ENG2024\",\"description\":\"Entreculturas Alboan\",\"potentialAction\":[{\"@type\":\"SearchAction\",\"target\":{\"@type\":\"EntryPoint\",\"urlTemplate\":\"https:\\\/\\\/www.escuelarefugio.org\\\/eng2024\\\/?s={search_term_string}\"},\"query-input\":{\"@type\":\"PropertyValueSpecification\",\"valueRequired\":true,\"valueName\":\"search_term_string\"}}],\"inLanguage\":\"es\"}]}<\/script>\n<!-- \/ Yoast SEO plugin. -->","yoast_head_json":{"title":"The Schools - base_ENG2024","robots":{"index":"index","follow":"follow","max-snippet":"max-snippet:-1","max-image-preview":"max-image-preview:large","max-video-preview":"max-video-preview:-1"},"canonical":"https:\/\/www.escuelarefugio.org\/eng2024\/the-schools\/","og_locale":"es_ES","og_type":"article","og_title":"Education is in DANGER\u2013-","og_description":"In areas of conflict, 72 million children are not in school, a fact that affects twice as many girls as boys.","og_url":"https:\/\/www.escuelarefugio.org\/eng2024\/the-schools\/","og_site_name":"base_ENG2024","article_modified_time":"2024-06-18T22:53:09+00:00","og_image":[{"width":500,"height":263,"url":"http:\/\/www.escuelarefugio.org\/eng2024\/wp-content\/uploads\/sites\/23\/2024\/06\/whatsapp_500x263_ENG_v2.jpg","type":"image\/jpeg"}],"twitter_card":"summary_large_image","twitter_title":"Education is in DANGER\u2013-","twitter_description":"In areas of conflict, 72 million children are not in school, a fact that affects twice as many girls as boys.","twitter_image":"https:\/\/www.escuelarefugio.org\/eng2024\/wp-content\/uploads\/sites\/23\/2024\/06\/whatsapp_500x263_ENG_v2.jpg","twitter_misc":{"Tiempo de lectura":"10 minutos"},"schema":{"@context":"https:\/\/schema.org","@graph":[{"@type":"WebPage","@id":"https:\/\/www.escuelarefugio.org\/eng2024\/the-schools\/","url":"https:\/\/www.escuelarefugio.org\/eng2024\/the-schools\/","name":"The Schools - base_ENG2024","isPartOf":{"@id":"https:\/\/www.escuelarefugio.org\/eng2024\/#website"},"datePublished":"2021-06-11T06:38:04+00:00","dateModified":"2024-06-18T22:53:09+00:00","breadcrumb":{"@id":"https:\/\/www.escuelarefugio.org\/eng2024\/the-schools\/#breadcrumb"},"inLanguage":"es","potentialAction":[{"@type":"ReadAction","target":["https:\/\/www.escuelarefugio.org\/eng2024\/the-schools\/"]}]},{"@type":"BreadcrumbList","@id":"https:\/\/www.escuelarefugio.org\/eng2024\/the-schools\/#breadcrumb","itemListElement":[{"@type":"ListItem","position":1,"name":"Portada","item":"https:\/\/www.escuelarefugio.org\/eng2024\/"},{"@type":"ListItem","position":2,"name":"The Schools"}]},{"@type":"WebSite","@id":"https:\/\/www.escuelarefugio.org\/eng2024\/#website","url":"https:\/\/www.escuelarefugio.org\/eng2024\/","name":"base_ENG2024","description":"Entreculturas Alboan","potentialAction":[{"@type":"SearchAction","target":{"@type":"EntryPoint","urlTemplate":"https:\/\/www.escuelarefugio.org\/eng2024\/?s={search_term_string}"},"query-input":{"@type":"PropertyValueSpecification","valueRequired":true,"valueName":"search_term_string"}}],"inLanguage":"es"}]}},"_links":{"self":[{"href":"https:\/\/www.escuelarefugio.org\/eng2024\/wp-json\/wp\/v2\/pages\/987","targetHints":{"allow":["GET"]}}],"collection":[{"href":"https:\/\/www.escuelarefugio.org\/eng2024\/wp-json\/wp\/v2\/pages"}],"about":[{"href":"https:\/\/www.escuelarefugio.org\/eng2024\/wp-json\/wp\/v2\/types\/page"}],"author":[{"embeddable":true,"href":"https:\/\/www.escuelarefugio.org\/eng2024\/wp-json\/wp\/v2\/users\/1"}],"replies":[{"embeddable":true,"href":"https:\/\/www.escuelarefugio.org\/eng2024\/wp-json\/wp\/v2\/comments?post=987"}],"version-history":[{"count":2,"href":"https:\/\/www.escuelarefugio.org\/eng2024\/wp-json\/wp\/v2\/pages\/987\/revisions"}],"predecessor-version":[{"id":2274,"href":"https:\/\/www.escuelarefugio.org\/eng2024\/wp-json\/wp\/v2\/pages\/987\/revisions\/2274"}],"wp:attachment":[{"href":"https:\/\/www.escuelarefugio.org\/eng2024\/wp-json\/wp\/v2\/media?parent=987"}],"curies":[{"name":"wp","href":"https:\/\/api.w.org\/{rel}","templated":true}]}}