{"id":1159,"date":"2022-05-14T13:09:22","date_gmt":"2022-05-14T13:09:22","guid":{"rendered":"http:\/\/www.escuelarefugio.org\/cat2024\/?page_id=1159"},"modified":"2024-06-16T00:12:13","modified_gmt":"2024-06-15T23:12:13","slug":"escuela-refugio","status":"publish","type":"page","link":"https:\/\/www.escuelarefugio.org\/cat2024\/","title":{"rendered":"Escuela Refugio"},"content":{"rendered":"<div class=\"wpb-content-wrapper\"><p>[vc_row css_animation=\u00bb\u00bb row_type=\u00bbrow\u00bb use_row_as_full_screen_section=\u00bbno\u00bb type=\u00bbfull_width\u00bb angled_section=\u00bbno\u00bb text_align=\u00bbleft\u00bb background_image_as_pattern=\u00bbwithout_pattern\u00bb z_index=\u00bb\u00bb][vc_column][vc_video link=\u00bbhttps:\/\/vimeo.com\/959205416&#8243; el_width=\u00bb90&#8243; align=\u00bbcenter\u00bb css_animation=\u00bbfadeIn\u00bb css=\u00bb\u00bb][\/vc_column][\/vc_row][vc_row css_animation=\u00bb\u00bb row_type=\u00bbrow\u00bb use_row_as_full_screen_section=\u00bbno\u00bb type=\u00bbfull_width\u00bb angled_section=\u00bbno\u00bb text_align=\u00bbleft\u00bb background_image_as_pattern=\u00bbwithout_pattern\u00bb z_index=\u00bb\u00bb background_image=\u00bb2060&#8243;][vc_column][vc_single_image image=\u00bb182&#8243; img_size=\u00bbfull\u00bb qode_css_animation=\u00bb\u00bb][\/vc_column][\/vc_row][vc_row css_animation=\u00bb\u00bb row_type=\u00bbrow\u00bb use_row_as_full_screen_section=\u00bbno\u00bb type=\u00bbgrid\u00bb angled_section=\u00bbno\u00bb text_align=\u00bbleft\u00bb background_image_as_pattern=\u00bbwithout_pattern\u00bb z_index=\u00bb\u00bb][vc_column][vc_column_text]<\/p>\n<h1 style=\"text-align: center;\">Aprendre <span style=\"color: #f6862a;\">en PERILL&#8211;<\/span><\/h1>\n<p>[\/vc_column_text][\/vc_column][\/vc_row][vc_row css_animation=\u00bb\u00bb row_type=\u00bbrow\u00bb use_row_as_full_screen_section=\u00bbno\u00bb type=\u00bbfull_width\u00bb angled_section=\u00bbno\u00bb text_align=\u00bbleft\u00bb background_image_as_pattern=\u00bbwithout_pattern\u00bb z_index=\u00bb\u00bb][vc_column][vc_separator type=\u00bbtransparent\u00bb up=\u00bb57&#8243; down=\u00bb25&#8243;][\/vc_column][\/vc_row][vc_row css_animation=\u00bb\u00bb row_type=\u00bbrow\u00bb use_row_as_full_screen_section=\u00bbno\u00bb type=\u00bbfull_width\u00bb angled_section=\u00bbno\u00bb text_align=\u00bbleft\u00bb background_image_as_pattern=\u00bbwithout_pattern\u00bb z_index=\u00bb\u00bb background_image=\u00bb820&#8243; background_color=\u00bb#ffffff\u00bb][vc_column width=\u00bb1\/4&#8243;][\/vc_column][vc_column width=\u00bb1\/2&#8243;][vc_separator type=\u00bbtransparent\u00bb][vc_single_image image=\u00bb2258&#8243; img_size=\u00bbfull\u00bb alignment=\u00bbcenter\u00bb qode_css_animation=\u00bb\u00bb][vc_separator type=\u00bbtransparent\u00bb up=\u00bb1&#8243;][\/vc_column][vc_column width=\u00bb1\/4&#8243;][\/vc_column][\/vc_row][vc_row css_animation=\u00bb\u00bb row_type=\u00bbrow\u00bb use_row_as_full_screen_section=\u00bbno\u00bb type=\u00bbgrid\u00bb angled_section=\u00bbno\u00bb text_align=\u00bbleft\u00bb background_image_as_pattern=\u00bbwith_pattern\u00bb z_index=\u00bb\u00bb][vc_column width=\u00bb1\/6&#8243;][\/vc_column][vc_column width=\u00bb2\/3&#8243;][vc_separator type=\u00bbtransparent\u00bb][vc_column_text]<\/p>\n<h3>Estem en el moment de la hist\u00f2ria en qu\u00e8 m\u00e9s nens i nenes pateixen els efectes de les guerres.<\/h3>\n<p>[\/vc_column_text][vc_separator type=\u00bbtransparent\u00bb][vc_column_text]<span style=\"font-weight: 400;\">A les crisis prolongades com les de Darfur, Afganistan, Sudan del Sud o S\u00edria, s\u2019afegeixen de noves com ara la d\u2019Ucra\u00efna i Gaza, el que provoca que una cinquena part dels nens i les nenes del m\u00f3n, aproximadament 460 milions, visquin avui en zona de conflicte, posant en perill llurs vides i oportunitats de futur.\u00a0<\/span><\/p>\n<p>&nbsp;<\/p>\n<p><b>Escoles a tot el m\u00f3n segueixen sent atacades i el dret a l\u2019educaci\u00f3 es veu vulnerat amb impunitat.<\/b><span style=\"font-weight: 400;\"> En contextos de conflicte, 72 milions de nens i nenes no estan escolaritzats, una realitat que afecta doblement les nenes.<\/span><\/p>\n<p>&nbsp;<\/p>\n<p><span style=\"font-weight: 400;\">Juntament amb les nostres organitzacions associades, des d\u2019Entreculturas i Alboan treballem per atendre i acompanyar nens i nenes refugiats i que pateixen els efectes de les situacions de crisi. A m\u00e9s de suport, allotjament i alimentaci\u00f3, en facilitem l\u2019escolaritzaci\u00f3, ja que, mitjan\u00e7ant l\u2019escola, promovem tamb\u00e9 la seva protecci\u00f3 contra el reclutament for\u00e7\u00f3s i fomentem la integraci\u00f3 a les comunitats d\u2019acollida.<\/span>[\/vc_column_text][vc_separator type=\u00bbtransparent\u00bb up=\u00bb15&#8243; down=\u00bb15&#8243;][\/vc_column][vc_column width=\u00bb1\/6&#8243; el_class=\u00bbboton\u00bb][\/vc_column][\/vc_row][vc_row css_animation=\u00bb\u00bb row_type=\u00bbrow\u00bb use_row_as_full_screen_section=\u00bbno\u00bb type=\u00bbgrid\u00bb angled_section=\u00bbno\u00bb text_align=\u00bbleft\u00bb background_image_as_pattern=\u00bbwithout_pattern\u00bb z_index=\u00bb\u00bb background_color=\u00bb#f7443e\u00bb background_image=\u00bb2060&#8243;][vc_column width=\u00bb1\/5&#8243;][vc_separator type=\u00bbtransparent\u00bb up=\u00bb5&#8243; down=\u00bb5&#8243;]<a  itemprop=\"url\" href=\"\/cat\/les-escoles\/\" target=\"_self\" data-hover-border-color=\"#f6862a\" class=\"qbutton  small center white enlarge escuela\" style=\"border-color: #f6862a; border-radius: 17px;-moz-border-radius: 17px;-webkit-border-radius: 17px; background-color:#f6862a;\">Les Escoles<\/a>[\/vc_column][vc_column width=\u00bb1\/5&#8243;][vc_separator type=\u00bbtransparent\u00bb up=\u00bb5&#8243; down=\u00bb5&#8243;]<a  itemprop=\"url\" href=\"\/cat\/el-refugi\/\" target=\"_self\" data-hover-border-color=\"#f6862a\" class=\"qbutton  small center white enlarge refugio\" style=\"border-color: #f6862a; border-radius: 17px;-moz-border-radius: 17px;-webkit-border-radius: 17px; background-color:#f6862a;\">El Refugi<\/a>[\/vc_column][vc_column width=\u00bb1\/5&#8243;][vc_separator type=\u00bbtransparent\u00bb up=\u00bb5&#8243; down=\u00bb5&#8243;]<a  itemprop=\"url\" href=\"\/cat\/incideix\/\" target=\"_self\" data-hover-border-color=\"#f6862a\" class=\"qbutton  small center white enlarge incide\" style=\"border-color: #f6862a; border-radius: 17px;-moz-border-radius: 17px;-webkit-border-radius: 17px; background-color:#f6862a;\">INCIDEIX<\/a>[\/vc_column][vc_column width=\u00bb1\/5&#8243;][vc_separator type=\u00bbtransparent\u00bb up=\u00bb5&#8243; down=\u00bb5&#8243;]<a  itemprop=\"url\" href=\"\/cat\/expressa\/\" target=\"_self\" data-hover-border-color=\"#f6862a\" class=\"qbutton  small center white enlarge expresa\" style=\"border-color: #f6862a; border-radius: 17px;-moz-border-radius: 17px;-webkit-border-radius: 17px; background-color:#f6862a;\">EXPRESSA<\/a>[\/vc_column][vc_column width=\u00bb1\/5&#8243;][vc_separator type=\u00bbtransparent\u00bb up=\u00bb5&#8243; down=\u00bb5&#8243;]<a  itemprop=\"url\" href=\"https:\/\/donaciones-sj.org\/cat\/escuela-refugio\" target=\"_self\" data-hover-border-color=\"#fc432a\" class=\"qbutton  small center white enlarge expresa\" style=\"border-color: #fc432a; border-radius: 17px;-moz-border-radius: 17px;-webkit-border-radius: 17px; background-color:#fc432a;\">DONA<i class=\"qode_icon_font_awesome fa fa-heart qode_button_icon_element\"><\/i><\/a>[vc_separator type=\u00bbtransparent\u00bb up=\u00bb17&#8243; down=\u00bb5&#8243;][\/vc_column][\/vc_row][vc_row css_animation=\u00bb\u00bb row_type=\u00bbrow\u00bb use_row_as_full_screen_section=\u00bbno\u00bb type=\u00bbgrid\u00bb angled_section=\u00bbno\u00bb text_align=\u00bbleft\u00bb background_image_as_pattern=\u00bbwithout_pattern\u00bb z_index=\u00bb\u00bb background_image=\u00bb2060&#8243;][vc_column width=\u00bb1\/6&#8243;][\/vc_column][vc_column width=\u00bb2\/3&#8243;][vc_separator type=\u00bbtransparent\u00bb up=\u00bb5&#8243; down=\u00bb5&#8243;][vc_column_text]<\/p>\n<h3>Oferim escoles que s\u00f3n REFUGI, escoles que s\u00f3n ESPERAN\u00c7A.<\/h3>\n<p>[\/vc_column_text][\/vc_column][vc_column width=\u00bb1\/6&#8243;][\/vc_column][\/vc_row][vc_row css_animation=\u00bb\u00bb row_type=\u00bbrow\u00bb use_row_as_full_screen_section=\u00bbno\u00bb type=\u00bbgrid\u00bb angled_section=\u00bbno\u00bb text_align=\u00bbleft\u00bb background_image_as_pattern=\u00bbwith_pattern\u00bb z_index=\u00bb\u00bb background_image=\u00bb810&#8243;][vc_column]<div class=\"masonry_gallery_holder  \" data-parallax_item_speed=\"0.3\" data-parallax_item_offset=\"0\"><div class=\"grid-sizer\"><\/div><article class=\"masonry_gallery_item rectangle_portrait with_icon \"><a itemprop=\"url\" href=\"\/cat\/les-escoles\/\" target=\"_self\"><div class = \"masonry_gallery_image_holder\"><img loading=\"lazy\" decoding=\"async\" width=\"500\" height=\"1000\" src=\"https:\/\/www.escuelarefugio.org\/cat2024\/wp-content\/uploads\/sites\/21\/2019\/05\/er_24_01-500x1000.jpg\" class=\"attachment-portfolio_masonry_tall size-portfolio_masonry_tall wp-post-image\" alt=\"\" \/><\/div><div class=\"masonry_gallery_item_outer\"><div class=\"masonry_gallery_item_inner\"><div class=\"masonry_gallery_item_content\"><div class=\"masonry_gallery_item_icon\"><i class=\"qode_icon_font_awesome fa fa-home \" ><\/i><\/div><h3 itemprop=\"name\">Col\u00f2mbia<\/h3><p class=\"masonry_gallery_item_text\"><\/p><\/div><\/div><\/div><\/a><\/article><article class=\"masonry_gallery_item square_small with_icon \"><a itemprop=\"url\" href=\"\/cat\/les-escoles\/\" target=\"_self\"><div class = \"masonry_gallery_image_holder\"><img loading=\"lazy\" decoding=\"async\" width=\"570\" height=\"570\" src=\"https:\/\/www.escuelarefugio.org\/cat2024\/wp-content\/uploads\/sites\/21\/2019\/05\/rea_1-570x570.jpg\" class=\"attachment-portfolio-square size-portfolio-square wp-post-image\" alt=\"\" srcset=\"https:\/\/www.escuelarefugio.org\/cat2024\/wp-content\/uploads\/sites\/21\/2019\/05\/rea_1-570x570.jpg 570w, https:\/\/www.escuelarefugio.org\/cat2024\/wp-content\/uploads\/sites\/21\/2019\/05\/rea_1-300x300.jpg 300w, https:\/\/www.escuelarefugio.org\/cat2024\/wp-content\/uploads\/sites\/21\/2019\/05\/rea_1-150x150.jpg 150w, https:\/\/www.escuelarefugio.org\/cat2024\/wp-content\/uploads\/sites\/21\/2019\/05\/rea_1-768x768.jpg 768w, https:\/\/www.escuelarefugio.org\/cat2024\/wp-content\/uploads\/sites\/21\/2019\/05\/rea_1-500x500.jpg 500w, https:\/\/www.escuelarefugio.org\/cat2024\/wp-content\/uploads\/sites\/21\/2019\/05\/rea_1-700x700.jpg 700w, https:\/\/www.escuelarefugio.org\/cat2024\/wp-content\/uploads\/sites\/21\/2019\/05\/rea_1.jpg 800w\" sizes=\"auto, (max-width: 570px) 100vw, 570px\" \/><\/div><div class=\"masonry_gallery_item_outer\"><div class=\"masonry_gallery_item_inner\"><div class=\"masonry_gallery_item_content\"><div class=\"masonry_gallery_item_icon\"><i class=\"qode_icon_font_awesome fa fa-home \" ><\/i><\/div><h3 itemprop=\"name\">Una Realitat Global<\/h3><p class=\"masonry_gallery_item_text\"><\/p><\/div><\/div><\/div><\/a><\/article><article class=\"masonry_gallery_item rectangle_landscape with_icon \"><a itemprop=\"url\" href=\"\/cat\/les-escoles\/\" target=\"_self\"><div class = \"masonry_gallery_image_holder\"><img loading=\"lazy\" decoding=\"async\" width=\"543\" height=\"263\" src=\"https:\/\/www.escuelarefugio.org\/cat2024\/wp-content\/uploads\/sites\/21\/2019\/05\/libano_24.jpg\" class=\"attachment-portfolio_masonry_wide size-portfolio_masonry_wide wp-post-image\" alt=\"\" srcset=\"https:\/\/www.escuelarefugio.org\/cat2024\/wp-content\/uploads\/sites\/21\/2019\/05\/libano_24.jpg 543w, https:\/\/www.escuelarefugio.org\/cat2024\/wp-content\/uploads\/sites\/21\/2019\/05\/libano_24-300x145.jpg 300w\" sizes=\"auto, (max-width: 543px) 100vw, 543px\" \/><\/div><div class=\"masonry_gallery_item_outer\"><div class=\"masonry_gallery_item_inner\"><div class=\"masonry_gallery_item_content\"><div class=\"masonry_gallery_item_icon\"><i class=\"qode_icon_font_awesome fa fa-home \" ><\/i><\/div><h3 itemprop=\"name\">El L\u00edban<\/h3><p class=\"masonry_gallery_item_text\"><\/p><\/div><\/div><\/div><\/a><\/article><article class=\"masonry_gallery_item square_small with_icon \"><a itemprop=\"url\" href=\"\/cat\/les-escoles\/\" target=\"_self\"><div class = \"masonry_gallery_image_holder\"><img loading=\"lazy\" decoding=\"async\" width=\"570\" height=\"570\" src=\"https:\/\/www.escuelarefugio.org\/cat2024\/wp-content\/uploads\/sites\/21\/2019\/05\/tanzania-570x570.jpg\" class=\"attachment-portfolio-square size-portfolio-square wp-post-image\" alt=\"\" srcset=\"https:\/\/www.escuelarefugio.org\/cat2024\/wp-content\/uploads\/sites\/21\/2019\/05\/tanzania-570x570.jpg 570w, https:\/\/www.escuelarefugio.org\/cat2024\/wp-content\/uploads\/sites\/21\/2019\/05\/tanzania-300x300.jpg 300w, https:\/\/www.escuelarefugio.org\/cat2024\/wp-content\/uploads\/sites\/21\/2019\/05\/tanzania-150x150.jpg 150w, https:\/\/www.escuelarefugio.org\/cat2024\/wp-content\/uploads\/sites\/21\/2019\/05\/tanzania-500x500.jpg 500w, https:\/\/www.escuelarefugio.org\/cat2024\/wp-content\/uploads\/sites\/21\/2019\/05\/tanzania.jpg 600w\" sizes=\"auto, (max-width: 570px) 100vw, 570px\" \/><\/div><div class=\"masonry_gallery_item_outer\"><div class=\"masonry_gallery_item_inner\"><div class=\"masonry_gallery_item_content\"><div class=\"masonry_gallery_item_icon\"><i class=\"qode_icon_font_awesome fa fa-home \" ><\/i><\/div><h3 itemprop=\"name\">Tanz\u00e0nia<\/h3><p class=\"masonry_gallery_item_text\"><\/p><\/div><\/div><\/div><\/a><\/article><article class=\"masonry_gallery_item square_small with_icon \"><a itemprop=\"url\" href=\"\/cat\/les-escoles\/\" target=\"_self\"><div class = \"masonry_gallery_image_holder\"><img loading=\"lazy\" decoding=\"async\" width=\"570\" height=\"570\" src=\"https:\/\/www.escuelarefugio.org\/cat2024\/wp-content\/uploads\/sites\/21\/2019\/05\/er_24_04-570x570.jpg\" class=\"attachment-portfolio-square size-portfolio-square wp-post-image\" alt=\"\" srcset=\"https:\/\/www.escuelarefugio.org\/cat2024\/wp-content\/uploads\/sites\/21\/2019\/05\/er_24_04-570x570.jpg 570w, https:\/\/www.escuelarefugio.org\/cat2024\/wp-content\/uploads\/sites\/21\/2019\/05\/er_24_04-300x300.jpg 300w, https:\/\/www.escuelarefugio.org\/cat2024\/wp-content\/uploads\/sites\/21\/2019\/05\/er_24_04-150x150.jpg 150w, https:\/\/www.escuelarefugio.org\/cat2024\/wp-content\/uploads\/sites\/21\/2019\/05\/er_24_04-768x768.jpg 768w, https:\/\/www.escuelarefugio.org\/cat2024\/wp-content\/uploads\/sites\/21\/2019\/05\/er_24_04-500x500.jpg 500w, https:\/\/www.escuelarefugio.org\/cat2024\/wp-content\/uploads\/sites\/21\/2019\/05\/er_24_04-700x700.jpg 700w, https:\/\/www.escuelarefugio.org\/cat2024\/wp-content\/uploads\/sites\/21\/2019\/05\/er_24_04.jpg 800w\" sizes=\"auto, (max-width: 570px) 100vw, 570px\" \/><\/div><div class=\"masonry_gallery_item_outer\"><div class=\"masonry_gallery_item_inner\"><div class=\"masonry_gallery_item_content\"><div class=\"masonry_gallery_item_icon\"><i class=\"qode_icon_font_awesome fa fa-home \" ><\/i><\/div><h3 itemprop=\"name\">Rep\u00fablica Democr\u00e0tica del Congo<\/h3><p class=\"masonry_gallery_item_text\"><\/p><\/div><\/div><\/div><\/a><\/article><article class=\"masonry_gallery_item square_small with_icon \"><a itemprop=\"url\" href=\"\/cat\/les-escoles\/\" target=\"_self\"><div class = \"masonry_gallery_image_holder\"><img loading=\"lazy\" decoding=\"async\" width=\"570\" height=\"570\" src=\"https:\/\/www.escuelarefugio.org\/cat2024\/wp-content\/uploads\/sites\/21\/2019\/05\/er_24_03-570x570.jpg\" class=\"attachment-portfolio-square size-portfolio-square wp-post-image\" alt=\"\" srcset=\"https:\/\/www.escuelarefugio.org\/cat2024\/wp-content\/uploads\/sites\/21\/2019\/05\/er_24_03-570x570.jpg 570w, https:\/\/www.escuelarefugio.org\/cat2024\/wp-content\/uploads\/sites\/21\/2019\/05\/er_24_03-300x300.jpg 300w, https:\/\/www.escuelarefugio.org\/cat2024\/wp-content\/uploads\/sites\/21\/2019\/05\/er_24_03-150x150.jpg 150w, https:\/\/www.escuelarefugio.org\/cat2024\/wp-content\/uploads\/sites\/21\/2019\/05\/er_24_03-768x768.jpg 768w, https:\/\/www.escuelarefugio.org\/cat2024\/wp-content\/uploads\/sites\/21\/2019\/05\/er_24_03-500x500.jpg 500w, https:\/\/www.escuelarefugio.org\/cat2024\/wp-content\/uploads\/sites\/21\/2019\/05\/er_24_03-700x700.jpg 700w, https:\/\/www.escuelarefugio.org\/cat2024\/wp-content\/uploads\/sites\/21\/2019\/05\/er_24_03.jpg 800w\" sizes=\"auto, (max-width: 570px) 100vw, 570px\" \/><\/div><div class=\"masonry_gallery_item_outer\"><div class=\"masonry_gallery_item_inner\"><div class=\"masonry_gallery_item_content\"><div class=\"masonry_gallery_item_icon\"><i class=\"qode_icon_font_awesome fa fa-home \" ><\/i><\/div><h3 itemprop=\"name\">Ucra\u00efna i pa\u00efsos fronterers<\/h3><p class=\"masonry_gallery_item_text\"><\/p><\/div><\/div><\/div><\/a><\/article><\/div>[\/vc_column][\/vc_row][vc_row css_animation=\u00bb\u00bb row_type=\u00bbrow\u00bb use_row_as_full_screen_section=\u00bbno\u00bb type=\u00bbgrid\u00bb angled_section=\u00bbno\u00bb text_align=\u00bbleft\u00bb background_image_as_pattern=\u00bbwithout_pattern\u00bb z_index=\u00bb\u00bb background_image=\u00bb810&#8243;][vc_column][vc_separator type=\u00bbtransparent\u00bb][vc_column_text]<\/p>\n<h6><span style=\"color: #cccccc;\">Col\u00f2mbia \u00a9SERGI_C\u00c1MARA \/ Una Realitat Global \u00a9V\u00cdCTOR_ALFONSO \/ El L\u00edban \u00a9Krist\u00f3f H\u00f6lv\u00e9nyi\u00a0 \/ Tanz\u00e0nia \u00a9JRS \/ RD del Congo \u00a9B\u00c1RBARA_GIL \/ Ucra\u00efna i pa\u00efsos fronterers \u00a9SERGI_C\u00c1MARA<\/span><\/h6>\n<p>[\/vc_column_text][vc_separator type=\u00bbtransparent\u00bb][\/vc_column][\/vc_row][vc_row css_animation=\u00bb\u00bb row_type=\u00bbrow\u00bb use_row_as_full_screen_section=\u00bbno\u00bb type=\u00bbgrid\u00bb angled_section=\u00bbno\u00bb text_align=\u00bbleft\u00bb background_image_as_pattern=\u00bbwithout_pattern\u00bb z_index=\u00bb\u00bb background_image=\u00bb2217&#8243;][vc_column width=\u00bb1\/2&#8243;]<div class=\"gambit_fullheight_row\" data-content-location=\"center\" style=\"display: none\"><\/div>[vc_separator type=\u00bbtransparent\u00bb up=\u00bb51&#8243; down=\u00bb51&#8243;][\/vc_column][vc_column width=\u00bb1\/2&#8243;][vc_separator type=\u00bbtransparent\u00bb up=\u00bb51&#8243; down=\u00bb51&#8243;][\/vc_column][\/vc_row][vc_row css_animation=\u00bb\u00bb row_type=\u00bbrow\u00bb use_row_as_full_screen_section=\u00bbno\u00bb type=\u00bbgrid\u00bb angled_section=\u00bbno\u00bb text_align=\u00bbleft\u00bb background_image_as_pattern=\u00bbwithout_pattern\u00bb z_index=\u00bb\u00bb background_image=\u00bb2213&#8243;][vc_column][vc_column_text]<\/p>\n<h2 style=\"text-align: left;\">En contextos<br \/>\nde conflicte,<br \/>\n72 milions de<br \/>\nnens i nenes<br \/>\nno estan<br \/>\nescolaritzats.<\/h2>\n<p>[\/vc_column_text]<div class=\"gambit_fullheight_row\" data-content-location=\"center\" style=\"display: none\"><\/div>[\/vc_column][\/vc_row][vc_row css_animation=\u00bb\u00bb row_type=\u00bbrow\u00bb use_row_as_full_screen_section=\u00bbno\u00bb type=\u00bbgrid\u00bb angled_section=\u00bbno\u00bb text_align=\u00bbleft\u00bb background_image_as_pattern=\u00bbwithout_pattern\u00bb z_index=\u00bb\u00bb padding_top=\u00bb0&#8243;][vc_column][vc_column_text]<span class=\"copyright\"><span style=\"color: #cccccc;\">\u00a9 Sergi_C\u00e1mara<\/span><\/span>[\/vc_column_text][vc_column_text]<span class=\"copyright\"><span style=\"color: #cccccc;\">\u00a9 Carmen_Moreno<\/span><\/span>[\/vc_column_text][vc_column_text]<span class=\"copyright\"><span style=\"color: #cccccc;\">\u00a9 Natalia_Sep\u00falveda<\/span><\/span>[\/vc_column_text][\/vc_column][\/vc_row]<\/p>\n<\/div>","protected":false},"excerpt":{"rendered":"<p>[vc_row css_animation=\u00bb\u00bb row_type=\u00bbrow\u00bb use_row_as_full_screen_section=\u00bbno\u00bb type=\u00bbfull_width\u00bb angled_section=\u00bbno\u00bb text_align=\u00bbleft\u00bb background_image_as_pattern=\u00bbwithout_pattern\u00bb z_index=\u00bb\u00bb][vc_column][vc_video link=\u00bbhttps:\/\/vimeo.com\/959205416&#8243; el_width=\u00bb90&#8243; align=\u00bbcenter\u00bb css_animation=\u00bbfadeIn\u00bb css=\u00bb\u00bb][\/vc_column][\/vc_row][vc_row css_animation=\u00bb\u00bb row_type=\u00bbrow\u00bb use_row_as_full_screen_section=\u00bbno\u00bb type=\u00bbfull_width\u00bb angled_section=\u00bbno\u00bb text_align=\u00bbleft\u00bb background_image_as_pattern=\u00bbwithout_pattern\u00bb z_index=\u00bb\u00bb background_image=\u00bb2060&#8243;][vc_column][vc_single_image image=\u00bb182&#8243; img_size=\u00bbfull\u00bb qode_css_animation=\u00bb\u00bb][\/vc_column][\/vc_row][vc_row css_animation=\u00bb\u00bb row_type=\u00bbrow\u00bb use_row_as_full_screen_section=\u00bbno\u00bb type=\u00bbgrid\u00bb angled_section=\u00bbno\u00bb text_align=\u00bbleft\u00bb background_image_as_pattern=\u00bbwithout_pattern\u00bb z_index=\u00bb\u00bb][vc_column][vc_column_text] Aprendre en PERILL&#8211; [\/vc_column_text][\/vc_column][\/vc_row][vc_row css_animation=\u00bb\u00bb row_type=\u00bbrow\u00bb use_row_as_full_screen_section=\u00bbno\u00bb type=\u00bbfull_width\u00bb angled_section=\u00bbno\u00bb text_align=\u00bbleft\u00bb background_image_as_pattern=\u00bbwithout_pattern\u00bb&#8230;<\/p>\n","protected":false},"author":1,"featured_media":0,"parent":0,"menu_order":0,"comment_status":"closed","ping_status":"closed","template":"full_width.php","meta":{"footnotes":""},"class_list":["post-1159","page","type-page","status-publish","hentry"],"yoast_head":"<!-- This site is optimized with the Yoast SEO plugin v27.5 - https:\/\/yoast.com\/product\/yoast-seo-wordpress\/ -->\n<title>Escuela Refugio - base_CAT2024<\/title>\n<meta name=\"description\" content=\"Estem en el moment de la hist\u00f2ria en qu\u00e8 m\u00e9s nens i nenes pateixen els efectes de les guerres.\" \/>\n<meta name=\"robots\" content=\"index, follow, max-snippet:-1, max-image-preview:large, max-video-preview:-1\" \/>\n<link rel=\"canonical\" href=\"https:\/\/www.escuelarefugio.org\/cat2024\/\" \/>\n<meta property=\"og:locale\" content=\"es_ES\" \/>\n<meta property=\"og:type\" content=\"article\" \/>\n<meta property=\"og:title\" content=\"base_CAT2024 Aprendre en PERILL\u2013\" \/>\n<meta property=\"og:description\" content=\"Escoles a tot el m\u00f3n segueixen sent atacades i el dret a l\u2019educaci\u00f3 es veu vulnerat amb impunitat.Entreculturas Alboan\" \/>\n<meta property=\"og:url\" content=\"https:\/\/www.escuelarefugio.org\/cat2024\/\" \/>\n<meta property=\"og:site_name\" content=\"base_CAT2024\" \/>\n<meta property=\"article:modified_time\" content=\"2024-06-15T23:12:13+00:00\" \/>\n<meta property=\"og:image\" content=\"http:\/\/www.escuelarefugio.org\/cat2024\/wp-content\/uploads\/sites\/21\/2024\/06\/whatsapp_500x263_CAT_v2.jpg\" \/>\n\t<meta property=\"og:image:width\" content=\"500\" \/>\n\t<meta property=\"og:image:height\" content=\"263\" \/>\n\t<meta property=\"og:image:type\" content=\"image\/jpeg\" \/>\n<meta name=\"twitter:card\" content=\"summary_large_image\" \/>\n<meta name=\"twitter:title\" content=\"Aprendre en PERILL\u2013\" \/>\n<meta name=\"twitter:description\" content=\"Escoles a tot el m\u00f3n segueixen sent atacades i el dret a l\u2019educaci\u00f3 es veu vulnerat amb impunitat.Entreculturas Alboan\" \/>\n<meta name=\"twitter:image\" content=\"https:\/\/www.escuelarefugio.org\/cat2024\/wp-content\/uploads\/sites\/21\/2024\/06\/whatsapp_500x263_CAT_v2.jpg\" \/>\n<meta name=\"twitter:label1\" content=\"Tiempo de lectura\" \/>\n\t<meta name=\"twitter:data1\" content=\"4 minutos\" \/>\n<script type=\"application\/ld+json\" class=\"yoast-schema-graph\">{\"@context\":\"https:\\\/\\\/schema.org\",\"@graph\":[{\"@type\":\"WebPage\",\"@id\":\"https:\\\/\\\/www.escuelarefugio.org\\\/cat2024\\\/\",\"url\":\"https:\\\/\\\/www.escuelarefugio.org\\\/cat2024\\\/\",\"name\":\"Escuela Refugio - base_CAT2024\",\"isPartOf\":{\"@id\":\"https:\\\/\\\/www.escuelarefugio.org\\\/cat2024\\\/#website\"},\"datePublished\":\"2022-05-14T13:09:22+00:00\",\"dateModified\":\"2024-06-15T23:12:13+00:00\",\"description\":\"Estem en el moment de la hist\u00f2ria en qu\u00e8 m\u00e9s nens i nenes pateixen els efectes de les guerres.\",\"breadcrumb\":{\"@id\":\"https:\\\/\\\/www.escuelarefugio.org\\\/cat2024\\\/#breadcrumb\"},\"inLanguage\":\"es\",\"potentialAction\":[{\"@type\":\"ReadAction\",\"target\":[\"https:\\\/\\\/www.escuelarefugio.org\\\/cat2024\\\/\"]}]},{\"@type\":\"BreadcrumbList\",\"@id\":\"https:\\\/\\\/www.escuelarefugio.org\\\/cat2024\\\/#breadcrumb\",\"itemListElement\":[{\"@type\":\"ListItem\",\"position\":1,\"name\":\"Portada\",\"item\":\"https:\\\/\\\/www.escuelarefugio.org\\\/cat2024\\\/\"},{\"@type\":\"ListItem\",\"position\":2,\"name\":\"Escuela Refugio\"}]},{\"@type\":\"WebSite\",\"@id\":\"https:\\\/\\\/www.escuelarefugio.org\\\/cat2024\\\/#website\",\"url\":\"https:\\\/\\\/www.escuelarefugio.org\\\/cat2024\\\/\",\"name\":\"base_CAT2024\",\"description\":\"Entreculturas Alboan\",\"potentialAction\":[{\"@type\":\"SearchAction\",\"target\":{\"@type\":\"EntryPoint\",\"urlTemplate\":\"https:\\\/\\\/www.escuelarefugio.org\\\/cat2024\\\/?s={search_term_string}\"},\"query-input\":{\"@type\":\"PropertyValueSpecification\",\"valueRequired\":true,\"valueName\":\"search_term_string\"}}],\"inLanguage\":\"es\"}]}<\/script>\n<!-- \/ Yoast SEO plugin. -->","yoast_head_json":{"title":"Escuela Refugio - base_CAT2024","description":"Estem en el moment de la hist\u00f2ria en qu\u00e8 m\u00e9s nens i nenes pateixen els efectes de les guerres.","robots":{"index":"index","follow":"follow","max-snippet":"max-snippet:-1","max-image-preview":"max-image-preview:large","max-video-preview":"max-video-preview:-1"},"canonical":"https:\/\/www.escuelarefugio.org\/cat2024\/","og_locale":"es_ES","og_type":"article","og_title":"base_CAT2024 Aprendre en PERILL\u2013","og_description":"Escoles a tot el m\u00f3n segueixen sent atacades i el dret a l\u2019educaci\u00f3 es veu vulnerat amb impunitat.Entreculturas Alboan","og_url":"https:\/\/www.escuelarefugio.org\/cat2024\/","og_site_name":"base_CAT2024","article_modified_time":"2024-06-15T23:12:13+00:00","og_image":[{"width":500,"height":263,"url":"http:\/\/www.escuelarefugio.org\/cat2024\/wp-content\/uploads\/sites\/21\/2024\/06\/whatsapp_500x263_CAT_v2.jpg","type":"image\/jpeg"}],"twitter_card":"summary_large_image","twitter_title":"Aprendre en PERILL\u2013","twitter_description":"Escoles a tot el m\u00f3n segueixen sent atacades i el dret a l\u2019educaci\u00f3 es veu vulnerat amb impunitat.Entreculturas Alboan","twitter_image":"https:\/\/www.escuelarefugio.org\/cat2024\/wp-content\/uploads\/sites\/21\/2024\/06\/whatsapp_500x263_CAT_v2.jpg","twitter_misc":{"Tiempo de lectura":"4 minutos"},"schema":{"@context":"https:\/\/schema.org","@graph":[{"@type":"WebPage","@id":"https:\/\/www.escuelarefugio.org\/cat2024\/","url":"https:\/\/www.escuelarefugio.org\/cat2024\/","name":"Escuela Refugio - base_CAT2024","isPartOf":{"@id":"https:\/\/www.escuelarefugio.org\/cat2024\/#website"},"datePublished":"2022-05-14T13:09:22+00:00","dateModified":"2024-06-15T23:12:13+00:00","description":"Estem en el moment de la hist\u00f2ria en qu\u00e8 m\u00e9s nens i nenes pateixen els efectes de les guerres.","breadcrumb":{"@id":"https:\/\/www.escuelarefugio.org\/cat2024\/#breadcrumb"},"inLanguage":"es","potentialAction":[{"@type":"ReadAction","target":["https:\/\/www.escuelarefugio.org\/cat2024\/"]}]},{"@type":"BreadcrumbList","@id":"https:\/\/www.escuelarefugio.org\/cat2024\/#breadcrumb","itemListElement":[{"@type":"ListItem","position":1,"name":"Portada","item":"https:\/\/www.escuelarefugio.org\/cat2024\/"},{"@type":"ListItem","position":2,"name":"Escuela Refugio"}]},{"@type":"WebSite","@id":"https:\/\/www.escuelarefugio.org\/cat2024\/#website","url":"https:\/\/www.escuelarefugio.org\/cat2024\/","name":"base_CAT2024","description":"Entreculturas Alboan","potentialAction":[{"@type":"SearchAction","target":{"@type":"EntryPoint","urlTemplate":"https:\/\/www.escuelarefugio.org\/cat2024\/?s={search_term_string}"},"query-input":{"@type":"PropertyValueSpecification","valueRequired":true,"valueName":"search_term_string"}}],"inLanguage":"es"}]}},"_links":{"self":[{"href":"https:\/\/www.escuelarefugio.org\/cat2024\/wp-json\/wp\/v2\/pages\/1159","targetHints":{"allow":["GET"]}}],"collection":[{"href":"https:\/\/www.escuelarefugio.org\/cat2024\/wp-json\/wp\/v2\/pages"}],"about":[{"href":"https:\/\/www.escuelarefugio.org\/cat2024\/wp-json\/wp\/v2\/types\/page"}],"author":[{"embeddable":true,"href":"https:\/\/www.escuelarefugio.org\/cat2024\/wp-json\/wp\/v2\/users\/1"}],"replies":[{"embeddable":true,"href":"https:\/\/www.escuelarefugio.org\/cat2024\/wp-json\/wp\/v2\/comments?post=1159"}],"version-history":[{"count":3,"href":"https:\/\/www.escuelarefugio.org\/cat2024\/wp-json\/wp\/v2\/pages\/1159\/revisions"}],"predecessor-version":[{"id":2309,"href":"https:\/\/www.escuelarefugio.org\/cat2024\/wp-json\/wp\/v2\/pages\/1159\/revisions\/2309"}],"wp:attachment":[{"href":"https:\/\/www.escuelarefugio.org\/cat2024\/wp-json\/wp\/v2\/media?parent=1159"}],"curies":[{"name":"wp","href":"https:\/\/api.w.org\/{rel}","templated":true}]}}