{"id":491,"date":"2019-05-31T19:54:02","date_gmt":"2019-05-31T19:54:02","guid":{"rendered":"http:\/\/www.escuelarefugio.org\/cat\/?page_id=491"},"modified":"2025-05-31T15:05:37","modified_gmt":"2025-05-31T14:05:37","slug":"privacitat","status":"publish","type":"page","link":"https:\/\/www.escuelarefugio.org\/cat\/privacitat\/","title":{"rendered":"Privacitat"},"content":{"rendered":"<div class=\"wpb-content-wrapper\"><p>[vc_row css_animation=\u00bb\u00bb row_type=\u00bbrow\u00bb use_row_as_full_screen_section=\u00bbno\u00bb type=\u00bbgrid\u00bb angled_section=\u00bbno\u00bb text_align=\u00bbleft\u00bb background_image_as_pattern=\u00bbwithout_pattern\u00bb z_index=\u00bb\u00bb][vc_column][vc_single_image image=\u00bb182&#8243; img_size=\u00bbfull\u00bb qode_css_animation=\u00bb\u00bb][\/vc_column][\/vc_row][vc_row css_animation=\u00bb\u00bb row_type=\u00bbrow\u00bb use_row_as_full_screen_section=\u00bbno\u00bb type=\u00bbgrid\u00bb angled_section=\u00bbno\u00bb text_align=\u00bbleft\u00bb background_image_as_pattern=\u00bbwithout_pattern\u00bb z_index=\u00bb\u00bb][vc_column][vc_column_text css=\u00bb\u00bb]<\/p>\n<p style=\"text-align: right;\"><span class=\"copyright\">\u00a9Paula Casado<\/span><\/p>\n<p>[\/vc_column_text][vc_separator type=\u00bbtransparent\u00bb][vc_column_text css=\u00bb\u00bb]<\/p>\n<h5>Pol\u00edtica de Privacitat<\/h5>\n<p>[\/vc_column_text][vc_separator type=\u00bbtransparent\u00bb][\/vc_column][\/vc_row][vc_row css_animation=\u00bb\u00bb row_type=\u00bbrow\u00bb use_row_as_full_screen_section=\u00bbno\u00bb type=\u00bbgrid\u00bb angled_section=\u00bbno\u00bb text_align=\u00bbleft\u00bb background_image_as_pattern=\u00bbwithout_pattern\u00bb z_index=\u00bb\u00bb][vc_column][vc_column_text css=\u00bb\u00bb]Aquesta <strong>Pol\u00edtica de Privacitat<\/strong> \u00e9s part integrant de les condicions generals. L&#8217;acc\u00e9s a i la navegaci\u00f3 pel lloc, o l&#8217;\u00fas dels seus serveis, impliquen l&#8217;acceptaci\u00f3 de les condicions generals (i, per tant, de la pol\u00edtica de Privacitat i de la pol\u00edtica de Cookies). Li preguem que les llegeixi atentament.[\/vc_column_text][\/vc_column][\/vc_row][vc_row css_animation=\u00bb\u00bb row_type=\u00bbrow\u00bb use_row_as_full_screen_section=\u00bbno\u00bb type=\u00bbgrid\u00bb angled_section=\u00bbno\u00bb text_align=\u00bbleft\u00bb background_image_as_pattern=\u00bbwithout_pattern\u00bb z_index=\u00bb\u00bb][vc_column][vc_separator type=\u00bbtransparent\u00bb][\/vc_column][\/vc_row][vc_row css_animation=\u00bb\u00bb row_type=\u00bbrow\u00bb use_row_as_full_screen_section=\u00bbno\u00bb type=\u00bbgrid\u00bb angled_section=\u00bbno\u00bb text_align=\u00bbleft\u00bb background_image_as_pattern=\u00bbwithout_pattern\u00bb z_index=\u00bb\u00bb][vc_column width=\u00bb1\/2&#8243;][vc_column_text css=\u00bb\u00bb]<strong><span style=\"color: #f7443e;\">En aquesta Pol\u00edtica de Privacitat li informem sobre:<\/span><\/strong><br \/>\n&#8211; Qui \u00e9s el responsable del tractament de les seves dades?<br \/>\n&#8211; Quina \u00e9s la legitimaci\u00f3 per al tractament de les seves dades?<br \/>\n&#8211; Qui pot facilitar-nos dades?<br \/>\n&#8211; Quines dades recopilem?<br \/>\n&#8211; Com s&#8217;usa la informaci\u00f3?<br \/>\n&#8211; Comunicacions a trav\u00e9s de correu electr\u00f2nic<br \/>\n&#8211; Com i on es comparteix la informaci\u00f3?<br \/>\n&#8211; Durant quan de temps mantindrem les dades personals?<br \/>\n&#8211; Seguretat de les seves dades<br \/>\n&#8211; Quins Drets t\u00e9?<br \/>\n&#8211; Responsable de Privacitat<br \/>\n&#8211; Canvis en la Pol\u00edtica de Privacitat<\/p>\n<p>&nbsp;<\/p>\n<p><strong><span style=\"color: #f7443e;\">Qui \u00e9s el responsable del tractament de les seves dades?<\/span><\/strong><\/p>\n<p>&nbsp;<\/p>\n<p><strong>FUNDACI\u00d3N ENTRECULTURAS FE Y ALEGR\u00cdA<\/strong><br \/>\nCalle Maldonado, 1, A, planta 3<br \/>\n28006 Madrid (Espanya)<br \/>\nCIF. G-82409020<br \/>\nContacte per a la modificaci\u00f3 de dades:<b><br \/>\ndatos@entreculturas.org<br \/>\n<\/b>Contacte DPP:<b><br \/>\nrgpd@entreculturas.org<\/b><\/p>\n<h3><\/h3>\n<p>&nbsp;<\/p>\n<p><strong>FUNDACI\u00d3N ALBOAN<\/strong><br \/>\nCalle Padre Lojendio, 2. 2\u00aa<br \/>\n48008 \u2013 Bilbao (Espanya)<br \/>\nCIF. G-48811376<br \/>\nContacte per a la modificaci\u00f3 de dades:<b><br \/>\ninfo@alboan.org<\/b><\/p>\n<p>&nbsp;<\/p>\n<p><strong><span style=\"color: #f7443e;\">Quina \u00e9s la legitimaci\u00f3 per al tractament de les seves dades?<\/span><\/strong><br \/>\n<span style=\"font-size: 11pt;\">La base jur\u00eddica que legitima el tractament de les seves dades varia en funci\u00f3 de la finalitat i la forma d&#8217;obtenci\u00f3 de les seves dades: en alguns casos, ser\u00e0 fruit de l&#8217;execuci\u00f3 d&#8217;un acord, mentre que en altres l&#8217;obtenci\u00f3 del seu consentiment ser\u00e0 mitjan\u00e7ant la marcaci\u00f3 d&#8217;una casella habilitada a aquest efecte, o a trav\u00e9s d&#8217;algun altre mecanisme disposat que constitueixi en tot cas una acci\u00f3 afirmativa, l&#8217;inter\u00e8s leg\u00edtim d&#8217;ENTRECULTURAS o ALBOAN com a Responsables del tractament, o una obligaci\u00f3 legal.<\/span><\/p>\n<p>&nbsp;<\/p>\n<p><strong><span style=\"color: #f7443e;\">Qui pot facilitar-nos dades?<\/span><\/strong><br \/>\n<span style=\"font-size: 11pt;\">En accedir a la nostra p\u00e0gina, manifesta que totes les dades que ens faciliti, b\u00e9 siguin obligat\u00f2ries per a prestar el servei o la informaci\u00f3, o b\u00e9 siguin dades volunt\u00e0ries quan es desitja col\u00b7laborar amb nosaltres, realitzar algun comentari en els nostres blogs o participar en les nostres peticions, s\u00f3n veraces i correctes; \u00e9s a dir, responen a la seva situaci\u00f3 real.<br \/>\nLes dades han de ser facilitades pel propi interessat, no obstant aix\u00f2, en determinats casos podran facilitar-se dades de tercers, sempre que es garanteixi haver informat l&#8217;interessat i obtingut el seu consentiment, no responsabilitzant-se per aquest fet EC o ALBOAN en qualsevol cas.<br \/>\nProporcionar aquestes dades suposa que han estat subministrades volunt\u00e0riament i amb consentiment perqu\u00e8 puguin ser tractades tant inform\u00e0ticament com de manera no automatitzada i per a fins determinats i leg\u00edtims que la Fundaci\u00f3n Entreculturas Fe y Alegr\u00eda o Fundaci\u00f3n Alboan descriu a continuaci\u00f3, no sent utilitzades per a fins incompatibles, ni cedits a tercers sense el seu consentiment.<br \/>\n<\/span><br \/>\n<strong><span style=\"color: #f7443e;\">Quines dades recopilem?<\/span><\/strong><br \/>\n<span style=\"font-size: 11pt;\">A l&#8217;enviar una consulta d&#8217;informaci\u00f3, apuntar-se als nostres butlletins, participar en les nostres accions, proporcionar el seu suport a les nostres campanyes, posar-se en contacte amb nosaltres a trav\u00e9s de correu electr\u00f2nic, realitzar comentaris en els nostres blogs o b\u00e9 col\u00b7laborar amb nosaltres (com a soci i\/o com a donant), podem sol\u00b7licitar-li que ens faciliti una s\u00e8rie de dades i informacions personals com ara el seu nom, cognoms, adre\u00e7a, correu electr\u00f2nic, tel\u00e8fon de contacte, etc. Per a ser soci o donant de la Fundaci\u00f3n Entreculturas Fe y Alegr\u00eda o Fundaci\u00f3n Alboan, sol\u00b7licitarem altres categories de dades necess\u00e0ries per establir tal vincle, com per exemple, dades econ\u00f2miques.<br \/>\nLes dades que sol\u00b7licitem, i que s\u00f3n objecte de tractament seran sempre adequades, pertinents i no excessives a la seva sol\u00b7licitud d&#8217;informaci\u00f3, col\u00b7laboraci\u00f3 i\/o participaci\u00f3 dins la Fundaci\u00f3n Entreculturas Fe y Alegr\u00eda i Fundaci\u00f3n Alboan.<br \/>\n<\/span><\/p>\n<p>&nbsp;<\/p>\n<p><strong><span style=\"color: #f7443e;\">Com s&#8217;usa la informaci\u00f3?<\/span><\/strong><br \/>\n<span style=\"font-size: 11pt;\">La Fundaci\u00f3n Entreculturas Fe y Alegr\u00eda i Fundaci\u00f3n Alboan utilitzaran la informaci\u00f3 que ens proporcioni per a les finalitats requerides en cadascun dels formularis de recollida de dades:<br \/>\na) Resposta a sol\u00b7licituds d&#8217;Informaci\u00f3 de l&#8217;usuari. En el cas que ens remeti una sol\u00b7licitud d&#8217;informaci\u00f3, tractarem les seves dades amb la finalitat de rebre, gestionar, tramitar i donar resposta a les consultes i sol\u00b7licituds d&#8217;informaci\u00f3 que ens envi\u00ef a trav\u00e9s de les diverses formes de contacte, web o remeses a les nostres seus i delegacions.<br \/>\nb) Subscripci\u00f3 a Butllet\u00ed de not\u00edcies o Newsletters. Tractarem les seves dades d&#8217;identificaci\u00f3 i correu electr\u00f2nic per a enviar-li les nostres not\u00edcies i newsletters. Podr\u00e0 donar-se de baixa en qualsevol moment.<br \/>\nc) Col\u00b7laborar o participar en les accions de petici\u00f3 organitzades per la Fundaci\u00f3n Entreculturas Fe y Alegr\u00eda i Fundaci\u00f3n Alboan. Les dades facilitades es tractaran per a remetre-li informaci\u00f3 a trav\u00e9s de correu electr\u00f2nic i\/o postal de les nostres accions o d&#8217;accions organitzades conjuntament amb tercers per part de la Fundaci\u00f3. Si les peticions es presenten davant d&#8217;un Organisme nacional o supranacional, podran cedir-se les dades facilitades a la mateixa per a la comprovaci\u00f3 i verificaci\u00f3 de les peticions presentades.<br \/>\nd) Participar i incorporar comentaris en els nostres blogs. Per a participar en els nostres blogs i que el seu comentari pugui publicar-se, tractarem les dades d&#8217;usuari i correu electr\u00f2nic amb la finalitat d&#8217;identificar i gestionar la seva publicaci\u00f3 a la nostra web.<br \/>\ne) Col\u00b7laborar activament mitjan\u00e7ant una donaci\u00f3 o fer-se soci de la Fundaci\u00f3n Entreculturas Fe y Alegr\u00eda o Fundaci\u00f3n Alboan. En el cas que accedeixi al nostre formulari en la secci\u00f3 \u201ccol\u00b7labora\u201d i empleni les seves dades, la informaci\u00f3 facilitada es tractar\u00e0 amb la finalitat de la gesti\u00f3 econ\u00f2mica, comptable, fiscal i administrativa d&#8217;associats i donants de la Fundaci\u00f3n Entreculturas Fe y Alegr\u00eda o Fundaci\u00f3n Alboan.<br \/>\nf) Altres activitats organitzades per la Fundaci\u00f3n Entreculturas Fe y Alegr\u00eda o Fundaci\u00f3n Alboan. Es podr\u00e0 col\u00b7laborar i participar en accions organitzades i\/o promogudes per la Fundaci\u00f3, facilitant les dades que siguin sol\u00b7licitades en els formularis corresponents i per a les finalitats expressament indicades en aquests.<\/span><\/p>\n<p>&nbsp;<\/p>\n<p><strong><strong><span style=\"color: #f7443e;\">Comunicacions a trav\u00e9s de correu electr\u00f2nic<\/span><\/strong><br \/>\n<\/strong><span style=\"font-size: 11pt;\">A l&#8217;enviar-nos una consulta o sol\u00b7licitud d&#8217;informaci\u00f3 a trav\u00e9s del correu electr\u00f2nic de contacte, ens est\u00e0 proporcionant el consentiment, conscient i expr\u00e9s, per al tractament de les dades facilitades a la Fundaci\u00f3n Entreculturas Fe y Alegr\u00eda o Fundaci\u00f3n Alboan amb la finalitat de donar resposta a la consulta o sol\u00b7licitud plantejada; no obstant aix\u00f2, no enviarem comunicacions comercials tret que ens hagi proporcionat el consentiment expr\u00e9s per a aquest fi.<br \/>\nEn els nostres correus electr\u00f2nics trobar\u00e0 informaci\u00f3 per a revocar el consentiment o donar-se de baixa de qualsevol comunicaci\u00f3 de la Fundaci\u00f3n <\/span><strong><span style=\"font-size: 11pt;\"> Entreculturas Fe y Alegr\u00eda o Fundaci\u00f3n Alboan.<\/span><\/strong>[\/vc_column_text][vc_separator type=\u00bbtransparent\u00bb][\/vc_column][vc_column width=\u00bb1\/2&#8243;][vc_column_text css=\u00bb\u00bb]<strong><span style=\"color: #f7443e;\">Com i on es comparteix la informaci\u00f3?<\/span><\/strong><br \/>\n<span style=\"font-size: 11pt;\">La Fundaci\u00f3n Entreculturas Fe y Alegr\u00eda i Fundaci\u00f3n Alboan informen, de manera expressa, que quan es col\u00b7labora o participa en determinades accions (Cursa solid\u00e0ria, Concert solidari, Peticions a Nacions Unides, Socis i Donacions, etc.), procedirem a cedir les seves dades als organismes i les administracions, bancs i altres entitats col\u00b7laboradores d&#8217;acord amb la normativa legal vigent i per a la gesti\u00f3 corporativa de la informaci\u00f3.<\/span><\/p>\n<p>&nbsp;<\/p>\n<p><strong><span style=\"color: #f7443e;\">Durant quant de temps mantindrem les dades personals?<\/span><\/strong><span style=\"font-size: 11pt;\"><br \/>\n\u2022 Les dades personals seran mantingudes mentre segueixi vinculat amb nosaltres.<br \/>\n\u2022 Un cop es desvinculi, les dades personals tractades en cada finalitat es mantindran durant els terminis legalment previstos, incl\u00f2s el termini en qu\u00e8 un jutge o tribunal els pugui requerir at\u00e8s el termini de prescripci\u00f3 d&#8217;accions judicials.<br \/>\n<\/span><br \/>\n<strong><span style=\"color: #f7443e;\">Seguretat de les dades proporcionades<\/span><\/strong><span style=\"font-size: 11pt;\"><br \/>\nLa Fundaci\u00f3n Entreculturas Fe y Alegr\u00eda i Fundaci\u00f3n Alboan donen gran import\u00e0ncia a la seguretat de tota la informaci\u00f3 i de les dades de car\u00e0cter personal que tractem. Desafortunadament, la transmissi\u00f3 d&#8217;informaci\u00f3 a trav\u00e9s d&#8217;Internet no \u00e9s completament segura; per aix\u00f2, fem esfor\u00e7os i destinem recursos a millorar cada dia la nostra p\u00e0gina i que les funcionalitats que es posen a la seva disposici\u00f3 siguin m\u00e9s segures (La funcionalitat https s&#8217;ha implementat en els formularis de socis i donacions, amb la finalitat de protegir les dades economicofinanceres amb eines de xifratge SSL).<br \/>\n<\/span><br \/>\n<span style=\"font-size: 11pt;\"><br \/>\nUna vegada rebem la seva informaci\u00f3, s&#8217;implementen mesures de seguretat per a garantir la confidencialitat, integritat i evitar qualsevol p\u00e8rdua, mal \u00fas i\/o alteraci\u00f3 de les dades que es troben sota el nostre control. Les nostres pol\u00edtiques de seguretat i privacitat s\u00f3n revisades peri\u00f2dicament i millorades segons sigui necessari i nom\u00e9s el personal autoritzat t\u00e9 acc\u00e9s a la informaci\u00f3 de l&#8217;usuari.<br \/>\n<\/span><br \/>\n<strong><span style=\"color: #f7443e;\">Quins Drets t\u00e9?<\/span><\/strong><span style=\"font-size: 11pt;\"><br \/>\n\u2022 Dret a saber si estem tractant les seves dades o no.<br \/>\n\u2022 Dret a accedir a les seves dades personals.<br \/>\n\u2022 A sol\u00b7licitar la rectificaci\u00f3 de les seves dades si s\u00f3n inexactes.<br \/>\n\u2022 A sol\u00b7licitar la supressi\u00f3 de les seves dades si ja no s\u00f3n necess\u00e0ries per als fins per als quals van ser recollits o si ens retira el consentiment atorgat.<br \/>\n\u2022 A sol\u00b7licitar la limitaci\u00f3 del tractament de les seves dades, en alguns casos i, en aquest cas nom\u00e9s els conservarem de conformitat amb la normativa vigent.<br \/>\n\u2022 A remetre-li les dades que sobre vost\u00e8 es guarden a ENTRECULTURAS o ALBOAN i que li seran facilitades en un format estructurat, d&#8217;\u00fas com\u00fa o de lectura mec\u00e0nica. Si ho prefereix, les podem enviar al nou responsable que ens designi. (Nom\u00e9s \u00e9s v\u00e0lid en determinats casos).<br \/>\n\u2022 A presentar una reclamaci\u00f3 davant l&#8217;Ag\u00e8ncia Espanyola de Protecci\u00f3 de Dades o autoritat de control competent, si creu que no li hem at\u00e8s correctament.<br \/>\n\u2022 A revocar el consentiment per a qualsevol tractament per al qual hagi consentit en qualsevol moment.<\/span><\/p>\n<p><span style=\"font-size: 11pt;\"><br \/>\nSi modifica alguna dada, li agra\u00efm que ens ho comuniqui per a mantenir-ho actualitzat.<br \/>\n<\/span><\/p>\n<p><span style=\"font-size: 11pt;\"><br \/>\nAquesta web pot contenir enlla\u00e7os cap a i des d&#8217;altres p\u00e0gines web, b\u00e9 dels nostres patrocinadors, socis, empreses associades o empreses col\u00b7laboradores, entre altres. Si accedeix a aquestes p\u00e0gines, ha de tenir en compte que en elles es poden tornar a sol\u00b7licitar dades o informacions personals. Per aix\u00f2, preguem que quan es visitin aquestes p\u00e0gines, es revisi tamb\u00e9 la seva pol\u00edtica de privacitat.<br \/>\n<\/span><br \/>\n<strong><span style=\"color: #f7443e;\">Responsable de Privacitat<\/span><\/strong><br \/>\n<span style=\"font-size: 11pt;\">En qualsevol moment es poden sol\u00b7licitar, de manera totalment gratu\u00efta, b\u00e9 per carta o a trav\u00e9s de correu electr\u00f2nic, l&#8217;exercici dels seus drets, havent d&#8217;incorporar a la seva sol\u00b7licitud fotoc\u00f2pia del seu DNI\/NIE\/Passaport, ja que es tracta d&#8217;un dret personal\u00edssim.<\/span><\/p>\n<p><span style=\"font-size: 11pt;\"><br \/>\nLes sol\u00b7licituds hauran de remetre&#8217;s al responsable de privacitat en la seg\u00fcent adre\u00e7a:<br \/>\n<\/span><br \/>\n<strong>FUNDACI\u00d3N ENTRECULTURAS FE Y ALEGR\u00cdA<\/strong><br \/>\nAtt. Responsable Privacitat<br \/>\nCalle Maldonado, 1, A, planta 3<br \/>\n28006 Madrid (Espanya)<\/p>\n<p><span style=\"font-size: 11pt;\"><br \/>\nA m\u00e9s a m\u00e9s, si t\u00e9 alguna q\u00fcesti\u00f3 addicional relacionada amb la Protecci\u00f3 de dades, pot dirigir-se al nostre Delegat de Protecci\u00f3 de dades en <strong>rgpd@entreculturas.org.<\/strong><\/span><\/p>\n<p>&nbsp;<\/p>\n<p><strong>FUNDACI\u00d3N ALBOAN<\/strong><br \/>\nCalle Padre Lojendio, 2. 2\u00aa.<br \/>\n48008 \u2013 Bilbao (Espanya)<br \/>\nCIF. G-48811376<br \/>\nContacte per a la modificaci\u00f3 de dades:<br \/>\n<strong>info@alboan.org<\/strong><\/p>\n<p>&nbsp;<\/p>\n<p><strong><span style=\"color: #f7443e;\">Canvis en la Pol\u00edtica de Privacitat<\/span><\/strong><span style=\"font-size: 11pt;\"><br \/>\nLa Fundaci\u00f3n Entreculturas Fe y Alegr\u00eda i Fundaci\u00f3n Alboan poden modificar o adaptar la seva Pol\u00edtica de Privacitat i Tractament de dades de Car\u00e0cter Personal. Recomanem que es visiti cada vegada que navegui pel lloc web amb la finalitat d&#8217;estar sempre informat amb car\u00e0cter previ a qualsevol dada que ens pugui facilitar.<\/span>[\/vc_column_text][vc_separator type=\u00bbtransparent\u00bb][vc_single_image image=\u00bb2458&#8243; img_size=\u00bbfull\u00bb style=\u00bbvc_box_shadow_3d\u00bb css=\u00bb\u00bb qode_css_animation=\u00bb\u00bb][vc_column_text css=\u00bb\u00bb]<span class=\"copyright\">\u00a9Natalia Sep\u00falveda<\/span>[\/vc_column_text][vc_separator type=\u00bbtransparent\u00bb][\/vc_column][\/vc_row][vc_row css_animation=\u00bb\u00bb row_type=\u00bbrow\u00bb use_row_as_full_screen_section=\u00bbno\u00bb type=\u00bbfull_width\u00bb angled_section=\u00bbno\u00bb text_align=\u00bbleft\u00bb background_image_as_pattern=\u00bbwithout_pattern\u00bb][vc_column][vc_separator type=\u00bbtransparent\u00bb][\/vc_column][\/vc_row]<\/p>\n<\/div>","protected":false},"excerpt":{"rendered":"<p>[vc_row css_animation=\u00bb\u00bb row_type=\u00bbrow\u00bb use_row_as_full_screen_section=\u00bbno\u00bb type=\u00bbgrid\u00bb angled_section=\u00bbno\u00bb text_align=\u00bbleft\u00bb background_image_as_pattern=\u00bbwithout_pattern\u00bb z_index=\u00bb\u00bb][vc_column][vc_single_image image=\u00bb182&#8243; img_size=\u00bbfull\u00bb qode_css_animation=\u00bb\u00bb][\/vc_column][\/vc_row][vc_row css_animation=\u00bb\u00bb row_type=\u00bbrow\u00bb use_row_as_full_screen_section=\u00bbno\u00bb type=\u00bbgrid\u00bb angled_section=\u00bbno\u00bb text_align=\u00bbleft\u00bb background_image_as_pattern=\u00bbwithout_pattern\u00bb z_index=\u00bb\u00bb][vc_column][vc_column_text css=\u00bb\u00bb] \u00a9Paula Casado [\/vc_column_text][vc_separator type=\u00bbtransparent\u00bb][vc_column_text css=\u00bb\u00bb] Pol\u00edtica de Privacitat [\/vc_column_text][vc_separator type=\u00bbtransparent\u00bb][\/vc_column][\/vc_row][vc_row css_animation=\u00bb\u00bb row_type=\u00bbrow\u00bb use_row_as_full_screen_section=\u00bbno\u00bb type=\u00bbgrid\u00bb angled_section=\u00bbno\u00bb text_align=\u00bbleft\u00bb background_image_as_pattern=\u00bbwithout_pattern\u00bb z_index=\u00bb\u00bb][vc_column][vc_column_text css=\u00bb\u00bb]Aquesta Pol\u00edtica de Privacitat \u00e9s part&#8230;<\/p>\n","protected":false},"author":1,"featured_media":0,"parent":0,"menu_order":0,"comment_status":"closed","ping_status":"closed","template":"full_width.php","meta":{"footnotes":""},"class_list":["post-491","page","type-page","status-publish","hentry"],"yoast_head":"<!-- This site is optimized with the Yoast SEO plugin v27.5 - https:\/\/yoast.com\/product\/yoast-seo-wordpress\/ -->\n<title>Privacitat - Escola Refugi<\/title>\n<meta name=\"robots\" content=\"noindex, nofollow\" \/>\n<meta property=\"og:locale\" content=\"es_ES\" \/>\n<meta property=\"og:type\" content=\"article\" \/>\n<meta property=\"og:title\" content=\"L\u2019EDUCACI\u00d3 \u00e9s la seva millor DEFENSA\" \/>\n<meta property=\"og:description\" content=\"En contextos de conflicte armat es produeixen greus violacions contra la inf\u00e0ncia.\" \/>\n<meta property=\"og:url\" content=\"https:\/\/www.escuelarefugio.org\/cat\/privacitat\/\" \/>\n<meta property=\"og:site_name\" content=\"Escola Refugi\" \/>\n<meta property=\"article:modified_time\" content=\"2025-05-31T14:05:37+00:00\" \/>\n<meta property=\"og:image\" content=\"http:\/\/www.escuelarefugio.org\/cat\/wp-content\/uploads\/sites\/27\/2025\/05\/whatsapp_500x263_CAT.jpg\" \/>\n\t<meta property=\"og:image:width\" content=\"500\" \/>\n\t<meta property=\"og:image:height\" content=\"263\" \/>\n\t<meta property=\"og:image:type\" content=\"image\/jpeg\" \/>\n<meta name=\"twitter:card\" content=\"summary_large_image\" \/>\n<meta name=\"twitter:title\" content=\"L\u2019EDUCACI\u00d3 \u00e9s la seva millor DEFENSA\" \/>\n<meta name=\"twitter:description\" content=\"En contextos de conflicte armat es produeixen greus violacions contra la inf\u00e0ncia.\" \/>\n<meta name=\"twitter:image\" content=\"https:\/\/www.escuelarefugio.org\/cat\/wp-content\/uploads\/sites\/27\/2025\/05\/whatsapp_500x263_CAT.jpg\" \/>\n<meta name=\"twitter:label1\" content=\"Tiempo de lectura\" \/>\n\t<meta name=\"twitter:data1\" content=\"9 minutos\" \/>\n<script type=\"application\/ld+json\" class=\"yoast-schema-graph\">{\"@context\":\"https:\\\/\\\/schema.org\",\"@graph\":[{\"@type\":\"WebPage\",\"@id\":\"https:\\\/\\\/www.escuelarefugio.org\\\/cat\\\/privacitat\\\/\",\"url\":\"https:\\\/\\\/www.escuelarefugio.org\\\/cat\\\/privacitat\\\/\",\"name\":\"Privacitat - Escola Refugi\",\"isPartOf\":{\"@id\":\"https:\\\/\\\/www.escuelarefugio.org\\\/cat\\\/#website\"},\"datePublished\":\"2019-05-31T19:54:02+00:00\",\"dateModified\":\"2025-05-31T14:05:37+00:00\",\"breadcrumb\":{\"@id\":\"https:\\\/\\\/www.escuelarefugio.org\\\/cat\\\/privacitat\\\/#breadcrumb\"},\"inLanguage\":\"es\",\"potentialAction\":[{\"@type\":\"ReadAction\",\"target\":[\"https:\\\/\\\/www.escuelarefugio.org\\\/cat\\\/privacitat\\\/\"]}]},{\"@type\":\"BreadcrumbList\",\"@id\":\"https:\\\/\\\/www.escuelarefugio.org\\\/cat\\\/privacitat\\\/#breadcrumb\",\"itemListElement\":[{\"@type\":\"ListItem\",\"position\":1,\"name\":\"Portada\",\"item\":\"https:\\\/\\\/www.escuelarefugio.org\\\/cat\\\/\"},{\"@type\":\"ListItem\",\"position\":2,\"name\":\"Privacitat\"}]},{\"@type\":\"WebSite\",\"@id\":\"https:\\\/\\\/www.escuelarefugio.org\\\/cat\\\/#website\",\"url\":\"https:\\\/\\\/www.escuelarefugio.org\\\/cat\\\/\",\"name\":\"Escola Refugi\",\"description\":\"Entreculturas Alboan\",\"potentialAction\":[{\"@type\":\"SearchAction\",\"target\":{\"@type\":\"EntryPoint\",\"urlTemplate\":\"https:\\\/\\\/www.escuelarefugio.org\\\/cat\\\/?s={search_term_string}\"},\"query-input\":{\"@type\":\"PropertyValueSpecification\",\"valueRequired\":true,\"valueName\":\"search_term_string\"}}],\"inLanguage\":\"es\"}]}<\/script>\n<!-- \/ Yoast SEO plugin. -->","yoast_head_json":{"title":"Privacitat - Escola Refugi","robots":{"index":"noindex","follow":"nofollow"},"og_locale":"es_ES","og_type":"article","og_title":"L\u2019EDUCACI\u00d3 \u00e9s la seva millor DEFENSA","og_description":"En contextos de conflicte armat es produeixen greus violacions contra la inf\u00e0ncia.","og_url":"https:\/\/www.escuelarefugio.org\/cat\/privacitat\/","og_site_name":"Escola Refugi","article_modified_time":"2025-05-31T14:05:37+00:00","og_image":[{"width":500,"height":263,"url":"http:\/\/www.escuelarefugio.org\/cat\/wp-content\/uploads\/sites\/27\/2025\/05\/whatsapp_500x263_CAT.jpg","type":"image\/jpeg"}],"twitter_card":"summary_large_image","twitter_title":"L\u2019EDUCACI\u00d3 \u00e9s la seva millor DEFENSA","twitter_description":"En contextos de conflicte armat es produeixen greus violacions contra la inf\u00e0ncia.","twitter_image":"https:\/\/www.escuelarefugio.org\/cat\/wp-content\/uploads\/sites\/27\/2025\/05\/whatsapp_500x263_CAT.jpg","twitter_misc":{"Tiempo de lectura":"9 minutos"},"schema":{"@context":"https:\/\/schema.org","@graph":[{"@type":"WebPage","@id":"https:\/\/www.escuelarefugio.org\/cat\/privacitat\/","url":"https:\/\/www.escuelarefugio.org\/cat\/privacitat\/","name":"Privacitat - Escola Refugi","isPartOf":{"@id":"https:\/\/www.escuelarefugio.org\/cat\/#website"},"datePublished":"2019-05-31T19:54:02+00:00","dateModified":"2025-05-31T14:05:37+00:00","breadcrumb":{"@id":"https:\/\/www.escuelarefugio.org\/cat\/privacitat\/#breadcrumb"},"inLanguage":"es","potentialAction":[{"@type":"ReadAction","target":["https:\/\/www.escuelarefugio.org\/cat\/privacitat\/"]}]},{"@type":"BreadcrumbList","@id":"https:\/\/www.escuelarefugio.org\/cat\/privacitat\/#breadcrumb","itemListElement":[{"@type":"ListItem","position":1,"name":"Portada","item":"https:\/\/www.escuelarefugio.org\/cat\/"},{"@type":"ListItem","position":2,"name":"Privacitat"}]},{"@type":"WebSite","@id":"https:\/\/www.escuelarefugio.org\/cat\/#website","url":"https:\/\/www.escuelarefugio.org\/cat\/","name":"Escola Refugi","description":"Entreculturas Alboan","potentialAction":[{"@type":"SearchAction","target":{"@type":"EntryPoint","urlTemplate":"https:\/\/www.escuelarefugio.org\/cat\/?s={search_term_string}"},"query-input":{"@type":"PropertyValueSpecification","valueRequired":true,"valueName":"search_term_string"}}],"inLanguage":"es"}]}},"_links":{"self":[{"href":"https:\/\/www.escuelarefugio.org\/cat\/wp-json\/wp\/v2\/pages\/491","targetHints":{"allow":["GET"]}}],"collection":[{"href":"https:\/\/www.escuelarefugio.org\/cat\/wp-json\/wp\/v2\/pages"}],"about":[{"href":"https:\/\/www.escuelarefugio.org\/cat\/wp-json\/wp\/v2\/types\/page"}],"author":[{"embeddable":true,"href":"https:\/\/www.escuelarefugio.org\/cat\/wp-json\/wp\/v2\/users\/1"}],"replies":[{"embeddable":true,"href":"https:\/\/www.escuelarefugio.org\/cat\/wp-json\/wp\/v2\/comments?post=491"}],"version-history":[{"count":3,"href":"https:\/\/www.escuelarefugio.org\/cat\/wp-json\/wp\/v2\/pages\/491\/revisions"}],"predecessor-version":[{"id":2595,"href":"https:\/\/www.escuelarefugio.org\/cat\/wp-json\/wp\/v2\/pages\/491\/revisions\/2595"}],"wp:attachment":[{"href":"https:\/\/www.escuelarefugio.org\/cat\/wp-json\/wp\/v2\/media?parent=491"}],"curies":[{"name":"wp","href":"https:\/\/api.w.org\/{rel}","templated":true}]}}